{"id":2011,"date":"2023-07-11T13:35:33","date_gmt":"2023-07-11T11:35:33","guid":{"rendered":"https:\/\/gielen-recyclage.be\/?page_id=2011"},"modified":"2023-10-03T13:20:38","modified_gmt":"2023-10-03T11:20:38","slug":"plastiques-durs","status":"publish","type":"page","link":"https:\/\/gielen-recyclage.be\/fr\/types-de-dechets\/plastiques\/plastiques-durs\/","title":{"rendered":"Plastiques durs"},"content":{"rendered":"<section class=\"l-section wpb_row us_custom_d2199d32 height_auto\"><div class=\"l-section-h i-cf\"><div class=\"g-cols vc_row via_flex valign_middle type_boxes stacking_default\" style=\"--additional-gap:15px;\"><div class=\"vc_col-sm-1 vc_hidden-sm vc_hidden-xs wpb_column vc_column_container has_bg_color stretched\"><div class=\"vc_column-inner us_custom_4cfa025e\"><div class=\"wpb_wrapper\"><\/div><\/div><\/div><div class=\"vc_col-sm-7 vc_col-lg-7 vc_col-md-7 vc_col-xs-12 wpb_column vc_column_container has_bg_color\"><div class=\"vc_column-inner us_custom_43bb1cd8\"><div class=\"wpb_wrapper\"><div class=\"wpb_text_column\"><div class=\"wpb_wrapper\"><h1>RECYCLER LES <strong>PLASTIQUES DURS<\/strong><br \/>\nAVEC GIELEN NV<\/h1>\n<p>Vous souhaitez recycler les plastiques durs dans le respect de la l\u00e9gislation et de l\u2019environnement ? Dans ce cas, vous \u00eates \u00e0 la bonne adresse chez Containerservice Gielen. Nous proposons une solution cl\u00e9 en main adapt\u00e9e \u00e0 votre volume de d\u00e9chets et \u00e0 vos activit\u00e9s.<\/p>\n<p>Vous pouvez louer chez nous des conteneurs adapt\u00e9s, de diff\u00e9rentes tailles, pour collecter correctement et facilement vos plastiques durs. Nous assurons ensuite leur transport jusqu\u2019\u00e0 notre site, o\u00f9 nous donnons \u00e0 vos d\u00e9chets une seconde vie, par un processus est enti\u00e8rement automatis\u00e9.<\/p>\n<\/div><\/div><div class=\"w-separator size_small\"><\/div><div class=\"w-btn-wrapper align_none\"><a class=\"w-btn us-btn-style_1 icon_atright\" title=\"Offerteaanvraag\" href=\"https:\/\/gielen-recyclage.be\/fr\/demande-de-devis\/\"><span class=\"w-btn-label\">Je souhaite demander un devis<\/span><i class=\"far fa-long-arrow-right\"><\/i><\/a><\/div><\/div><\/div><\/div><div class=\"vc_col-sm-5 vc_col-lg-4 vc_col-md-4 vc_col-xs-12 wpb_column vc_column_container h300 popupopen has_bg_color stretched\"><div class=\"vc_column-inner us_custom_b3d26718\"><div class=\"wpb_wrapper\"><\/div><\/div><\/div><\/div><\/div><\/section><section class=\"l-section wpb_row height_large\"><div class=\"l-section-h i-cf\"><div class=\"g-cols vc_row via_flex valign_top type_default stacking_default\"><div class=\"vc_col-sm-12 wpb_column vc_column_container\"><div class=\"vc_column-inner\"><div class=\"wpb_wrapper\"><div class=\"g-cols wpb_row via_flex valign_top type_default stacking_default\"><div class=\"vc_col-sm-6 wpb_column vc_column_container\"><div class=\"vc_column-inner\"><div class=\"wpb_wrapper\"><div class=\"wpb_text_column\"><div class=\"wpb_wrapper\"><h2>RECYCLAGE DES<br \/>\n<strong>PLASTIQUES DURS<\/strong><\/h2>\n<\/div><\/div><div class=\"w-separator size_medium\"><\/div><\/div><\/div><\/div><div class=\"vc_col-sm-6 wpb_column vc_column_container\"><div class=\"vc_column-inner\"><div class=\"wpb_wrapper\"><\/div><\/div><\/div><\/div><div class=\"g-cols wpb_row via_flex valign_top type_default stacking_default\"><div class=\"vc_col-sm-6 wpb_column vc_column_container\"><div class=\"vc_column-inner\"><div class=\"wpb_wrapper\"><div class=\"wpb_text_column\"><div class=\"wpb_wrapper\"><p>Si les plastiques durs sont soigneusement collect\u00e9s selon leur type, il est tout \u00e0 fait possible de les recycler. Chez Containerservice Gielen, nous trions vos plastiques pour obtenir des flux de d\u00e9chets uniformes. Nous proposons \u00e0 cette fin des conteneurs et sacs plastique transparents de 300 litres, entre autres.<\/p>\n<\/div><\/div><\/div><\/div><\/div><div class=\"vc_col-sm-6 wpb_column vc_column_container\"><div class=\"vc_column-inner\"><div class=\"wpb_wrapper\"><div class=\"wpb_text_column\"><div class=\"wpb_wrapper\"><p>Nous cherchons ensuite un transformateur pour donner une seconde vie \u00e0 votre plastique. Gr\u00e2ce \u00e0 nos conteneurs adapt\u00e9s, \u00e0 nos nombreuses ann\u00e9es d\u2019exp\u00e9rience et \u00e0 nos capacit\u00e9s logistiques modernes, nous pouvons vous apporter une solution rapide et efficace \u00e0 tout probl\u00e8me de d\u00e9chets.<\/p>\n<\/div><\/div><\/div><\/div><\/div><\/div><div class=\"w-separator size_small\"><\/div><div class=\"w-btn-wrapper align_none\"><a class=\"w-btn us-btn-style_1 icon_atright\" title=\"Offerteaanvraag\" href=\"https:\/\/gielen-recyclage.be\/fr\/demande-de-devis\/\"><span class=\"w-btn-label\">Je souhaite demander un devis<\/span><i class=\"far fa-long-arrow-right\"><\/i><\/a><\/div><\/div><\/div><\/div><\/div><\/div><\/section><section class=\"l-section wpb_row height_auto\"><div class=\"l-section-h i-cf\"><div class=\"g-cols vc_row via_flex valign_middle type_boxes stacking_default\"><div class=\"vc_col-sm-8 wpb_column vc_column_container has_bg_color\"><div class=\"vc_column-inner us_custom_5fb9c346\"><div class=\"wpb_wrapper\"><div class=\"wpb_text_column us_custom_02d42652 has_text_color\"><div class=\"wpb_wrapper\"><h3><strong>D\u00c9COUVREZ NOS CONTENEURS \u00c0 D\u00c9CHETS <\/strong><br \/>\n<strong>POUR LES PLASTIQUES DURS<\/strong><\/h3>\n<\/div><\/div><\/div><\/div><\/div><div class=\"vc_col-sm-4 wpb_column vc_column_container has_bg_color\"><div class=\"vc_column-inner us_custom_5fb9c346\"><div class=\"wpb_wrapper\"><div class=\"w-btn-wrapper align_center\"><a class=\"w-btn us-btn-style_3 icon_atright\" title=\"Contact\" href=\"https:\/\/gielen-recyclage.be\/fr\/brochures\/\"><span class=\"w-btn-label\">Montrez-moi la brochure<\/span><i class=\"far fa-long-arrow-right\"><\/i><\/a><\/div><\/div><\/div><\/div><\/div><\/div><\/section><section class=\"l-section wpb_row height_medium\"><div class=\"l-section-h i-cf\"><div class=\"g-cols vc_row via_flex valign_top type_default stacking_default\"><div class=\"vc_col-sm-12 wpb_column vc_column_container\"><div class=\"vc_column-inner\"><div class=\"wpb_wrapper\"><\/div><\/div><\/div><\/div><\/div><\/section><section class=\"l-section wpb_row us_custom_43bb1cd8 height_large\"><div class=\"l-section-h i-cf\"><div class=\"g-cols vc_row via_flex valign_top type_default stacking_default\" style=\"--additional-gap:15px;\"><div class=\"vc_col-sm-8 wpb_column vc_column_container\"><div class=\"vc_column-inner\"><div class=\"wpb_wrapper\"><div class=\"wpb_text_column\"><div class=\"wpb_wrapper\"><h3>CONDITIONS D\u2019ACCEPTATION DES PLASTIQUES DURS<\/h3>\n<p>Par plastiques durs, on entend\u202f: PET \/ PEHD \/ PVC \/ PP \/ PS \/ PE \/ PC \/ PEPA \/ PP-COREX. Il peut s\u2019agir par exemple de jouets ou autres objets.<\/p>\n<\/div><\/div><div class=\"w-separator size_small\"><\/div><\/div><\/div><\/div><div class=\"vc_col-sm-4 wpb_column vc_column_container\"><div class=\"vc_column-inner\"><div class=\"wpb_wrapper\"><\/div><\/div><\/div><div class=\"vc_col-sm-4 wpb_column vc_column_container\"><div class=\"vc_column-inner\"><div class=\"wpb_wrapper\"><div class=\"wpb_text_column toegestaan\"><div class=\"wpb_wrapper\"><p><strong>Sont autoris\u00e9s\u202f:<\/strong><\/p>\n<ul>\n<li>Seaux et couvercles (vid\u00e9s)<\/li>\n<li>Caisses<\/li>\n<li>Jouets en plastique sans m\u00e9tal<\/li>\n<li>Chaises de jardin<\/li>\n<li>Tuyaux et tuyaux en PVC (pas plus de 2 m\u00e8tres de long)<\/li>\n<li>Tuyaux et tubes en PEHD (pas plus de 2 m\u00e8tres de long)<\/li>\n<li>Bennes roulantes et bacs roulants (sans les roues)<\/li>\n<li>Pare-chocs de voiture (sans fer)<\/li>\n<li>Pots de fleurs<\/li>\n<li>Jardini\u00e8res<\/li>\n<li>Bidons propres (sans pictogramme de danger)<\/li>\n<li>Jouets en plastique (sans piles)<\/li>\n<li>Palettes en plastique<\/li>\n<\/ul>\n<\/div><\/div><div class=\"w-separator size_small\"><\/div><\/div><\/div><\/div><div class=\"vc_col-sm-4 wpb_column vc_column_container\"><div class=\"vc_column-inner\"><div class=\"wpb_wrapper\"><div class=\"wpb_text_column niettoegestaan\"><div class=\"wpb_wrapper\"><p><strong>Ne sont pas autoris\u00e9s\u202f:<\/strong><\/p>\n<ul>\n<li>Bidons et f\u00fbts avec pictogrammes de danger<\/li>\n<li>Panneaux (de toiture) en polyester, bateaux et baignoires<\/li>\n<li>Kit tubes\/seaux avec r\u00e9sidus de d\u00e9chets<\/li>\n<li>Cartouches<\/li>\n<li>Fer<\/li>\n<li>Skis, casques et planches de surf<\/li>\n<li>Plastiques souples (films, big bags et rubans d\u2019emballage)<\/li>\n<li>Casques, etc.<\/li>\n<li>Plastiques sales (r\u00e9sidus de peinture, ciment, etc.)<\/li>\n<li>D\u00e9chets de caoutchouc<\/li>\n<li>Tuyaux<\/li>\n<li>Bouteilles en PET<\/li>\n<li>Valises, si\u00e8ges auto et glaci\u00e8res<\/li>\n<li>Mat\u00e9riaux en mousse tels que l\u2019isomo, les mat\u00e9riaux d\u2019isolation et les emballages en mousse<\/li>\n<li>Autres d\u00e9chets tels que le papier, les m\u00e9taux, les d\u00e9chets r\u00e9siduels, le bois, la terre, etc.<\/li>\n<\/ul>\n<\/div><\/div><div class=\"w-separator size_small\"><\/div><\/div><\/div><\/div><div class=\"vc_col-sm-4 wpb_column vc_column_container\"><div class=\"vc_column-inner\"><div class=\"wpb_wrapper\"><div class=\"wpb_text_column\"><div class=\"wpb_wrapper\"><p>En cas de non-conformit\u00e9, le collecteur se r\u00e9serve le droit de refuser le chargement en question et\/ou de r\u00e9percuter sur le client les frais suppl\u00e9mentaires de collecte et de traitement qui en r\u00e9sultent.<\/p>\n<\/div><\/div><div class=\"w-separator size_small\"><\/div><div class=\"w-btn-wrapper align_none\"><a class=\"w-btn us-btn-style_1 icon_atright\" target=\"_blank\" href=\"http:\/\/gielen-recyclage.be\/wp-content\/uploads\/2023\/10\/acceptatievoorwaarden-harde-kunststoffen_FR.pdf\"><span class=\"w-btn-label\">T\u00e9l\u00e9charger le pdf avec l&rsquo;aper\u00e7u<\/span><i class=\"fas fa-long-arrow-right\"><\/i><\/a><\/div><\/div><\/div><\/div><\/div><\/div><\/section><section class=\"l-section wpb_row height_large\"><div class=\"l-section-h i-cf\"><div class=\"g-cols vc_row via_flex valign_top type_default stacking_default\"><div class=\"vc_col-sm-12 wpb_column vc_column_container\"><div class=\"vc_column-inner\"><div class=\"wpb_wrapper\"><div class=\"g-cols wpb_row via_flex valign_top type_default stacking_default\"><div class=\"vc_col-sm-6 wpb_column vc_column_container\"><div class=\"vc_column-inner\"><div class=\"wpb_wrapper\"><div class=\"wpb_text_column\"><div class=\"wpb_wrapper\"><h2>TYPES DE CONTENEURS POUR<br \/>\nVOS <strong>PLASTIQUES DURS<\/strong><\/h2>\n<p>Le recyclage du plastique dur est beaucoup plus facile avec le bon type de conteneur. Chez Containerservice Gielen, vous trouverez un large \u00e9ventail de conteneurs diff\u00e9rents pour divers types de plastiques durs. Nous fournissons des conteneurs \u00e0 toit ouvert de 10\u202fm\u00b3, 15\u202fm\u00b3, 25\u202fm\u00b3, 28\u202fm\u00b3 et 40\u202fm\u00b3. Nous proposons aussi des conteneurs entrep\u00f4t, des conteneurs \u00e0 toit chapelle de 22\u202fm\u00b3, des IBC et sacs en plastique pour la collecte de tous vos plastiques durs. Vous pouvez ais\u00e9ment inclure les sacs \u00ab\u202fPlastics\u202f\u00bb dans vos d\u00e9chets PMC gr\u00e2ce au \u00ab\u202fPlastic Switch\u202f\u00bb.<\/p>\n<\/div><\/div><\/div><\/div><\/div><div class=\"vc_col-sm-6 wpb_column vc_column_container\"><div class=\"vc_column-inner\"><div class=\"wpb_wrapper\"><\/div><\/div><\/div><\/div><div class=\"w-separator size_medium\"><\/div><div class=\"wpb_text_column\"><div class=\"wpb_wrapper\"><h3>Louer un conteneur<\/h3>\n<\/div><\/div><div class=\"w-separator size_small\"><\/div><div class=\"w-grid us_carousel overflowright type_carousel layout_544 preload_style_spinner items_4\" id=\"us_grid_1\" style=\"--items:4;--gap:1.5rem;\"><style>.layout_544 .w-grid-item-h{background:#F2F2F2}.layout_544 .usg_vwrapper_1{margin-bottom:70px!important;padding:30px!important;background:#F2F2F2!important}.layout_544 .usg_btn_1{width:100%!important}.layout_544 .usg_hwrapper_1{border-top-width:20px!important;border-color:#ffffff!important;position:absolute!important;left:0!important;bottom:0!important;right:0!important;z-index:99!important;border-top-style:solid!important;background:#ffffff!important}@media (min-width:961px) and (max-width:1380px){.layout_544 .usg_vwrapper_1{margin-bottom:70px!important;padding:30px!important}}@media (min-width:768px) and (max-width:960px){.layout_544 .usg_vwrapper_1{margin-bottom:70px!important;padding:30px!important}}@media (max-width:767px){.layout_544 .usg_vwrapper_1{margin-bottom:70px!important;padding:15px 15px 30px 15px!important}.layout_544 .usg_post_title_1{font-size:15px!important}}<\/style><div class=\"w-grid-list owl-carousel valign_stretch dotstyle_circle navstyle_circle arrows-ver-pos_middle arrows-hor-pos_on_sides_outside arrows-disabled_hide owl-responsive-2000 with_arrows\" style=\"--transition-duration:350ms;--arrows-size:1.5rem;--arrows-hor-offset:calc(0px + 1.5rem);--arrows-gap:10px;\">\t<article class=\"w-grid-item post-2157 container type-container status-publish has-post-thumbnail hentry afvalstroom-amiante-ciment afvalstroom-asphalte-routier afvalstroom-bache-agricole afvalstroom-dechets-de-bois afvalstroom-dechets-de-construction-et-de-demolition afvalstroom-dechets-electriques-et-electroniques afvalstroom-dechets-melanges afvalstroom-dechets-melanges-de-construction-et-de-demolition afvalstroom-dechets-melanges-non-triables afvalstroom-dechets-melanges-triables afvalstroom-dechets-vert afvalstroom-destruction-darchives afvalstroom-gravats afvalstroom-gravats-mixtes afvalstroom-gyproc-fr afvalstroom-metal afvalstroom-papier-carton afvalstroom-papier-et-carton afvalstroom-plastiques-fr afvalstroom-plastiques afvalstroom-plastiques-durs afvalstroom-pmc afvalstroom-roofing-fr afvalstroom-verre type-container-containers-ouverts\" data-id=\"2157\">\r\n\t\t<div class=\"w-grid-item-h\">\r\n\t\t\t\t\t\t<div class=\"w-post-elm post_image usg_post_image_1 has_ratio\"><a href=\"https:\/\/gielen-recyclage.be\/offerteaanvraag\/\" aria-label=\"Conteneurs ouverts 10m\u00b3\"><img loading=\"lazy\" decoding=\"async\" width=\"1024\" height=\"683\" src=\"https:\/\/gielen-recyclage.be\/wp-content\/uploads\/2023\/09\/open-container-10m\u00b3-1024x683.jpg\" class=\"attachment-large size-large wp-post-image\" alt=\"open container 10m\u00b3\" \/><\/a><div style=\"padding-bottom:100%\"><\/div><\/div><div class=\"w-vwrapper usg_vwrapper_1\" style=\"--vwrapper-gap:0.9rem\"><h5 class=\"w-post-elm post_title usg_post_title_1 align_center entry-title color_link_inherit\"><a href=\"https:\/\/gielen-recyclage.be\/offerteaanvraag\/\">Conteneurs ouverts 10m\u00b3<\/a><\/h5><\/div><div class=\"w-hwrapper usg_hwrapper_1\" style=\"--hwrapper-gap:1.20rem\"><a class=\"w-btn us-btn-style_1 usg_btn_1 icon_atright\" href=\"https:\/\/gielen-recyclage.be\/fr\/demande-de-devis\/\"><span class=\"w-btn-label\">LOUER UN CONTENEUR<\/span><i class=\"fas fa-long-arrow-right\"><\/i><\/a><\/div>\t\t<\/div>\r\n\t\t\t<\/article>\r\n\t<article class=\"w-grid-item post-2158 container type-container status-publish has-post-thumbnail hentry afvalstroom-amiante-ciment afvalstroom-bache-agricole afvalstroom-caoutchouc afvalstroom-dechets-de-bois afvalstroom-dechets-de-construction-et-de-demolition afvalstroom-dechets-melanges afvalstroom-dechets-melanges-de-construction-et-de-demolition afvalstroom-dechets-melanges-non-triables afvalstroom-dechets-melanges-triables afvalstroom-dechets-vert afvalstroom-destruction-darchives afvalstroom-gyproc-fr afvalstroom-metal afvalstroom-papier-carton afvalstroom-papier-et-carton afvalstroom-plastiques-fr afvalstroom-plastiques afvalstroom-plastiques-durs afvalstroom-pneus afvalstroom-roofing-fr afvalstroom-verre afvalstroom-ytong-fr type-container-containers-ouverts\" data-id=\"2158\">\r\n\t\t<div class=\"w-grid-item-h\">\r\n\t\t\t\t\t\t<div class=\"w-post-elm post_image usg_post_image_1 has_ratio\"><a href=\"https:\/\/gielen-recyclage.be\/offerteaanvraag\/\" aria-label=\"Conteneurs ouverts 15m\u00b3\"><img loading=\"lazy\" decoding=\"async\" width=\"1024\" height=\"683\" src=\"https:\/\/gielen-recyclage.be\/wp-content\/uploads\/2023\/07\/open-container25-1024x683.jpg\" class=\"attachment-large size-large wp-post-image\" alt=\"\" \/><\/a><div style=\"padding-bottom:100%\"><\/div><\/div><div class=\"w-vwrapper usg_vwrapper_1\" style=\"--vwrapper-gap:0.9rem\"><h5 class=\"w-post-elm post_title usg_post_title_1 align_center entry-title color_link_inherit\"><a href=\"https:\/\/gielen-recyclage.be\/offerteaanvraag\/\">Conteneurs ouverts 15m\u00b3<\/a><\/h5><\/div><div class=\"w-hwrapper usg_hwrapper_1\" style=\"--hwrapper-gap:1.20rem\"><a class=\"w-btn us-btn-style_1 usg_btn_1 icon_atright\" href=\"https:\/\/gielen-recyclage.be\/fr\/demande-de-devis\/\"><span class=\"w-btn-label\">LOUER UN CONTENEUR<\/span><i class=\"fas fa-long-arrow-right\"><\/i><\/a><\/div>\t\t<\/div>\r\n\t\t\t<\/article>\r\n\t<article class=\"w-grid-item post-2159 container type-container status-publish has-post-thumbnail hentry afvalstroom-amiante-ciment afvalstroom-bache-agricole afvalstroom-caoutchouc afvalstroom-colore afvalstroom-dechets-de-bois afvalstroom-dechets-de-construction-et-de-demolition afvalstroom-dechets-melanges afvalstroom-dechets-melanges-de-construction-et-de-demolition afvalstroom-dechets-melanges-non-triables afvalstroom-dechets-melanges-triables afvalstroom-dechets-textiles afvalstroom-dechets-vert afvalstroom-gyproc-fr afvalstroom-metal afvalstroom-naturel-fr afvalstroom-papier-carton afvalstroom-papier-et-carton afvalstroom-plastiques afvalstroom-plastiques-fr afvalstroom-plastiques-durs afvalstroom-pneus afvalstroom-roofing-fr afvalstroom-verre afvalstroom-ytong-fr type-container-containers-ouverts\" data-id=\"2159\">\r\n\t\t<div class=\"w-grid-item-h\">\r\n\t\t\t\t\t\t<div class=\"w-post-elm post_image usg_post_image_1 has_ratio\"><a href=\"https:\/\/gielen-recyclage.be\/offerteaanvraag\/\" aria-label=\"Conteneurs ouverts 25m\u00b3\"><img loading=\"lazy\" decoding=\"async\" width=\"1024\" height=\"768\" src=\"https:\/\/gielen-recyclage.be\/wp-content\/uploads\/2023\/09\/open-container-25m\u00b3-1024x768.jpg\" class=\"attachment-large size-large wp-post-image\" alt=\"open container 25m\u00b3\" \/><\/a><div style=\"padding-bottom:100%\"><\/div><\/div><div class=\"w-vwrapper usg_vwrapper_1\" style=\"--vwrapper-gap:0.9rem\"><h5 class=\"w-post-elm post_title usg_post_title_1 align_center entry-title color_link_inherit\"><a href=\"https:\/\/gielen-recyclage.be\/offerteaanvraag\/\">Conteneurs ouverts 25m\u00b3<\/a><\/h5><\/div><div class=\"w-hwrapper usg_hwrapper_1\" style=\"--hwrapper-gap:1.20rem\"><a class=\"w-btn us-btn-style_1 usg_btn_1 icon_atright\" href=\"https:\/\/gielen-recyclage.be\/fr\/demande-de-devis\/\"><span class=\"w-btn-label\">LOUER UN CONTENEUR<\/span><i class=\"fas fa-long-arrow-right\"><\/i><\/a><\/div>\t\t<\/div>\r\n\t\t\t<\/article>\r\n\t<article class=\"w-grid-item post-2160 container type-container status-publish has-post-thumbnail hentry afvalstroom-bache-agricole afvalstroom-caoutchouc afvalstroom-colore afvalstroom-dechets-de-bois afvalstroom-dechets-de-construction-et-de-demolition afvalstroom-dechets-melanges afvalstroom-dechets-melanges-de-construction-et-de-demolition afvalstroom-dechets-melanges-non-triables afvalstroom-dechets-melanges-triables afvalstroom-dechets-textiles afvalstroom-dechets-vert afvalstroom-gyproc-fr afvalstroom-metal afvalstroom-naturel-fr afvalstroom-papier-carton afvalstroom-papier-et-carton afvalstroom-plastiques-fr afvalstroom-plastiques afvalstroom-plastiques-durs afvalstroom-pneus afvalstroom-roofing-fr afvalstroom-verre afvalstroom-ytong-fr type-container-containers-ouverts\" data-id=\"2160\">\r\n\t\t<div class=\"w-grid-item-h\">\r\n\t\t\t\t\t\t<div class=\"w-post-elm post_image usg_post_image_1 has_ratio\"><a href=\"https:\/\/gielen-recyclage.be\/offerteaanvraag\/\" aria-label=\"Conteneurs ouverts 28m\u00b3\"><img loading=\"lazy\" decoding=\"async\" width=\"1024\" height=\"683\" src=\"https:\/\/gielen-recyclage.be\/wp-content\/uploads\/2023\/07\/open-container-28m\u00b3-sabic-1024x683.jpg\" class=\"attachment-large size-large wp-post-image\" alt=\"\" \/><\/a><div style=\"padding-bottom:100%\"><\/div><\/div><div class=\"w-vwrapper usg_vwrapper_1\" style=\"--vwrapper-gap:0.9rem\"><h5 class=\"w-post-elm post_title usg_post_title_1 align_center entry-title color_link_inherit\"><a href=\"https:\/\/gielen-recyclage.be\/offerteaanvraag\/\">Conteneurs ouverts 28m\u00b3<\/a><\/h5><\/div><div class=\"w-hwrapper usg_hwrapper_1\" style=\"--hwrapper-gap:1.20rem\"><a class=\"w-btn us-btn-style_1 usg_btn_1 icon_atright\" href=\"https:\/\/gielen-recyclage.be\/fr\/demande-de-devis\/\"><span class=\"w-btn-label\">LOUER UN CONTENEUR<\/span><i class=\"fas fa-long-arrow-right\"><\/i><\/a><\/div>\t\t<\/div>\r\n\t\t\t<\/article>\r\n\t<article class=\"w-grid-item post-2161 container type-container status-publish has-post-thumbnail hentry afvalstroom-caoutchouc afvalstroom-colore afvalstroom-dechets-de-bois afvalstroom-dechets-de-construction-et-de-demolition afvalstroom-dechets-melanges afvalstroom-dechets-melanges-de-construction-et-de-demolition afvalstroom-dechets-melanges-non-triables afvalstroom-dechets-melanges-triables afvalstroom-dechets-textiles afvalstroom-dechets-vert afvalstroom-gyproc-fr afvalstroom-metal afvalstroom-naturel-fr afvalstroom-papier-carton afvalstroom-papier-et-carton afvalstroom-plastiques-fr afvalstroom-plastiques afvalstroom-plastiques-durs afvalstroom-pmc afvalstroom-pneus afvalstroom-roofing-fr type-container-containers-ouverts\" data-id=\"2161\">\r\n\t\t<div class=\"w-grid-item-h\">\r\n\t\t\t\t\t\t<div class=\"w-post-elm post_image usg_post_image_1 has_ratio\"><a href=\"https:\/\/gielen-recyclage.be\/offerteaanvraag\/\" aria-label=\"Conteneurs ouverts 40m\u00b3\"><img loading=\"lazy\" decoding=\"async\" width=\"1024\" height=\"683\" src=\"https:\/\/gielen-recyclage.be\/wp-content\/uploads\/2023\/07\/open-container-40Gielen-Containerservice-8994-1024x683.jpg\" class=\"attachment-large size-large wp-post-image\" alt=\"\" \/><\/a><div style=\"padding-bottom:100%\"><\/div><\/div><div class=\"w-vwrapper usg_vwrapper_1\" style=\"--vwrapper-gap:0.9rem\"><h5 class=\"w-post-elm post_title usg_post_title_1 align_center entry-title color_link_inherit\"><a href=\"https:\/\/gielen-recyclage.be\/offerteaanvraag\/\">Conteneurs ouverts 40m\u00b3<\/a><\/h5><\/div><div class=\"w-hwrapper usg_hwrapper_1\" style=\"--hwrapper-gap:1.20rem\"><a class=\"w-btn us-btn-style_1 usg_btn_1 icon_atright\" href=\"https:\/\/gielen-recyclage.be\/fr\/demande-de-devis\/\"><span class=\"w-btn-label\">LOUER UN CONTENEUR<\/span><i class=\"fas fa-long-arrow-right\"><\/i><\/a><\/div>\t\t<\/div>\r\n\t\t\t<\/article>\r\n\t<article class=\"w-grid-item post-2162 container type-container status-publish has-post-thumbnail hentry afvalstroom-batteries-et-accus afvalstroom-dechets-chimiques afvalstroom-dechets-contenant-des-cfc afvalstroom-dechets-dangereux afvalstroom-dechets-electriques-et-electroniques afvalstroom-dechets-textiles afvalstroom-kga-petits-dechets-dangereux afvalstroom-plastiques-fr afvalstroom-plastiques-durs afvalstroom-swill-dechets-alimentaires type-container-conteneurs-speciaux type-container-palletbox-ibcs-fr\" data-id=\"2162\">\r\n\t\t<div class=\"w-grid-item-h\">\r\n\t\t\t\t\t\t<div class=\"w-post-elm post_image usg_post_image_1 has_ratio\"><a href=\"https:\/\/gielen-recyclage.be\/offerteaanvraag\/\" aria-label=\"Palletbox\/IBC&rsquo;s\"><img loading=\"lazy\" decoding=\"async\" width=\"1024\" height=\"683\" src=\"https:\/\/gielen-recyclage.be\/wp-content\/uploads\/2023\/07\/palletbox-1024x683.jpg\" class=\"attachment-large size-large wp-post-image\" alt=\"\" \/><\/a><div style=\"padding-bottom:100%\"><\/div><\/div><div class=\"w-vwrapper usg_vwrapper_1\" style=\"--vwrapper-gap:0.9rem\"><h5 class=\"w-post-elm post_title usg_post_title_1 align_center entry-title color_link_inherit\"><a href=\"https:\/\/gielen-recyclage.be\/offerteaanvraag\/\">Palletbox\/IBC&rsquo;s<\/a><\/h5><\/div><div class=\"w-hwrapper usg_hwrapper_1\" style=\"--hwrapper-gap:1.20rem\"><a class=\"w-btn us-btn-style_1 usg_btn_1 icon_atright\" href=\"https:\/\/gielen-recyclage.be\/fr\/demande-de-devis\/\"><span class=\"w-btn-label\">LOUER UN CONTENEUR<\/span><i class=\"fas fa-long-arrow-right\"><\/i><\/a><\/div>\t\t<\/div>\r\n\t\t\t<\/article>\r\n\t<article class=\"w-grid-item post-2166 container type-container status-publish has-post-thumbnail hentry afvalstroom-colore afvalstroom-dechets-de-construction-et-de-demolition afvalstroom-dechets-melanges afvalstroom-dechets-melanges-non-triables afvalstroom-dechets-melanges-triables afvalstroom-dechets-textiles afvalstroom-destruction-darchives afvalstroom-gyproc-fr afvalstroom-matelas afvalstroom-naturel-fr afvalstroom-papier-carton afvalstroom-papier-et-carton afvalstroom-plastiques-fr afvalstroom-plastiques afvalstroom-plastiques-durs afvalstroom-pmc type-container-conteneur-dexpedition-conteneur-dentrepot type-container-conteneurs-speciaux\" data-id=\"2166\">\r\n\t\t<div class=\"w-grid-item-h\">\r\n\t\t\t\t\t\t<div class=\"w-post-elm post_image usg_post_image_1 has_ratio\"><a href=\"https:\/\/gielen-recyclage.be\/offerteaanvraag\/\" aria-label=\"Conteneur d&rsquo;entrep\u00f4t\/d&rsquo;exp\u00e9dition\"><img loading=\"lazy\" decoding=\"async\" width=\"1024\" height=\"810\" src=\"https:\/\/gielen-recyclage.be\/wp-content\/uploads\/2023\/07\/Magazijncontainer_30m_-1024x810.jpg\" class=\"attachment-large size-large wp-post-image\" alt=\"\" \/><\/a><div style=\"padding-bottom:100%\"><\/div><\/div><div class=\"w-vwrapper usg_vwrapper_1\" style=\"--vwrapper-gap:0.9rem\"><h5 class=\"w-post-elm post_title usg_post_title_1 align_center entry-title color_link_inherit\"><a href=\"https:\/\/gielen-recyclage.be\/offerteaanvraag\/\">Conteneur d&rsquo;entrep\u00f4t\/d&rsquo;exp\u00e9dition<\/a><\/h5><\/div><div class=\"w-hwrapper usg_hwrapper_1\" style=\"--hwrapper-gap:1.20rem\"><a class=\"w-btn us-btn-style_1 usg_btn_1 icon_atright\" href=\"https:\/\/gielen-recyclage.be\/fr\/demande-de-devis\/\"><span class=\"w-btn-label\">LOUER UN CONTENEUR<\/span><i class=\"fas fa-long-arrow-right\"><\/i><\/a><\/div>\t\t<\/div>\r\n\t\t\t<\/article>\r\n\t<article class=\"w-grid-item post-2167 container type-container status-publish has-post-thumbnail hentry afvalstroom-caoutchouc afvalstroom-colore afvalstroom-dechets-chimiques afvalstroom-dechets-dangereux afvalstroom-dechets-melanges afvalstroom-dechets-melanges-non-triables afvalstroom-dechets-melanges-triables afvalstroom-dechets-textiles afvalstroom-destruction-darchives afvalstroom-gyproc-fr afvalstroom-matelas afvalstroom-naturel-fr afvalstroom-papier-carton afvalstroom-papier-et-carton afvalstroom-plastiques-fr afvalstroom-plastiques afvalstroom-plastiques-durs afvalstroom-pmc afvalstroom-verre type-container-conteneurs-de-chapelle type-container-conteneurs-speciaux\" data-id=\"2167\">\r\n\t\t<div class=\"w-grid-item-h\">\r\n\t\t\t\t\t\t<div class=\"w-post-elm post_image usg_post_image_1 has_ratio\"><a href=\"https:\/\/gielen-recyclage.be\/offerteaanvraag\/\" aria-label=\"Conteneur de chapelle 22m\u00b3\"><img loading=\"lazy\" decoding=\"async\" width=\"1024\" height=\"767\" src=\"https:\/\/gielen-recyclage.be\/wp-content\/uploads\/2023\/09\/gesloten-22m\u00b3-container-1024x767.jpg\" class=\"attachment-large size-large wp-post-image\" alt=\"gesloten container 22m\u00b3\" \/><\/a><div style=\"padding-bottom:100%\"><\/div><\/div><div class=\"w-vwrapper usg_vwrapper_1\" style=\"--vwrapper-gap:0.9rem\"><h5 class=\"w-post-elm post_title usg_post_title_1 align_center entry-title color_link_inherit\"><a href=\"https:\/\/gielen-recyclage.be\/offerteaanvraag\/\">Conteneur de chapelle 22m\u00b3<\/a><\/h5><\/div><div class=\"w-hwrapper usg_hwrapper_1\" style=\"--hwrapper-gap:1.20rem\"><a class=\"w-btn us-btn-style_1 usg_btn_1 icon_atright\" href=\"https:\/\/gielen-recyclage.be\/fr\/demande-de-devis\/\"><span class=\"w-btn-label\">LOUER UN CONTENEUR<\/span><i class=\"fas fa-long-arrow-right\"><\/i><\/a><\/div>\t\t<\/div>\r\n\t\t\t<\/article>\r\n\t<article class=\"w-grid-item post-2170 container type-container status-publish has-post-thumbnail hentry afvalstroom-colore afvalstroom-frigolite-polystyrene-expanse afvalstroom-naturel-fr afvalstroom-plastiques-fr afvalstroom-plastiques afvalstroom-plastiques-durs type-container-conteneurs-speciaux type-container-sac-a-dos\" data-id=\"2170\">\r\n\t\t<div class=\"w-grid-item-h\">\r\n\t\t\t\t\t\t<div class=\"w-post-elm post_image usg_post_image_1 has_ratio\"><a href=\"https:\/\/gielen-recyclage.be\/offerteaanvraag\/\" aria-label=\"Sacs de collecte (avec support)\"><img loading=\"lazy\" decoding=\"async\" width=\"1024\" height=\"732\" src=\"https:\/\/gielen-recyclage.be\/wp-content\/uploads\/2025\/09\/Zakhouder-1024x732.jpg\" class=\"attachment-large size-large wp-post-image\" alt=\"\" \/><\/a><div style=\"padding-bottom:100%\"><\/div><\/div><div class=\"w-vwrapper usg_vwrapper_1\" style=\"--vwrapper-gap:0.9rem\"><h5 class=\"w-post-elm post_title usg_post_title_1 align_center entry-title color_link_inherit\"><a href=\"https:\/\/gielen-recyclage.be\/offerteaanvraag\/\">Sacs de collecte (avec support)<\/a><\/h5><\/div><div class=\"w-hwrapper usg_hwrapper_1\" style=\"--hwrapper-gap:1.20rem\"><a class=\"w-btn us-btn-style_1 usg_btn_1 icon_atright\" href=\"https:\/\/gielen-recyclage.be\/fr\/demande-de-devis\/\"><span class=\"w-btn-label\">LOUER UN CONTENEUR<\/span><i class=\"fas fa-long-arrow-right\"><\/i><\/a><\/div>\t\t<\/div>\r\n\t\t\t<\/article>\r\n\t<article class=\"w-grid-item post-3065 container type-container status-publish has-post-thumbnail hentry afvalstroom-dechets-chimiques afvalstroom-dechets-electriques-et-electroniques afvalstroom-plastiques-fr afvalstroom-plastiques-durs afvalstroom-swill-dechets-alimentaires type-container-palletbox-ibcs-fr\" data-id=\"3065\">\r\n\t\t<div class=\"w-grid-item-h\">\r\n\t\t\t\t\t\t<div class=\"w-post-elm post_image usg_post_image_1 has_ratio\"><a href=\"https:\/\/gielen-recyclage.be\/offerteaanvraag\/\" aria-label=\"Caisse-palette\"><img loading=\"lazy\" decoding=\"async\" width=\"1024\" height=\"715\" src=\"https:\/\/gielen-recyclage.be\/wp-content\/uploads\/2025\/09\/Palletbox-SWILL-1-1024x715.jpg\" class=\"attachment-large size-large wp-post-image\" alt=\"\" \/><\/a><div style=\"padding-bottom:100%\"><\/div><\/div><div class=\"w-vwrapper usg_vwrapper_1\" style=\"--vwrapper-gap:0.9rem\"><h5 class=\"w-post-elm post_title usg_post_title_1 align_center entry-title color_link_inherit\"><a href=\"https:\/\/gielen-recyclage.be\/offerteaanvraag\/\">Caisse-palette<\/a><\/h5><\/div><div class=\"w-hwrapper usg_hwrapper_1\" style=\"--hwrapper-gap:1.20rem\"><a class=\"w-btn us-btn-style_1 usg_btn_1 icon_atright\" href=\"https:\/\/gielen-recyclage.be\/fr\/demande-de-devis\/\"><span class=\"w-btn-label\">LOUER UN CONTENEUR<\/span><i class=\"fas fa-long-arrow-right\"><\/i><\/a><\/div>\t\t<\/div>\r\n\t\t\t<\/article>\r\n<\/div><div class=\"w-grid-carousel-json hidden\" onclick='return {&quot;carousel_settings&quot;:{&quot;aria_labels&quot;:{&quot;prev&quot;:&quot;Pr\\u00e9c\\u00e9dent&quot;,&quot;next&quot;:&quot;Suivant&quot;},&quot;autoplayContinual&quot;:false,&quot;autoplayHoverPause&quot;:false,&quot;autoplayTimeout&quot;:3000,&quot;autoWidth&quot;:false,&quot;smartSpeed&quot;:350,&quot;margin&quot;:0,&quot;mouseDrag&quot;:true,&quot;rtl&quot;:false,&quot;slideBy&quot;:&quot;1&quot;,&quot;touchDrag&quot;:true,&quot;slideTransition&quot;:&quot;&quot;,&quot;responsive&quot;:{&quot;0&quot;:{&quot;autoHeight&quot;:false,&quot;autoplay&quot;:true,&quot;autoWidth&quot;:false,&quot;center&quot;:false,&quot;dots&quot;:false,&quot;items&quot;:2,&quot;loop&quot;:true,&quot;nav&quot;:false,&quot;stagePadding&quot;:0,&quot;slideBy&quot;:&quot;1&quot;},&quot;768&quot;:{&quot;autoHeight&quot;:false,&quot;autoplay&quot;:true,&quot;autoWidth&quot;:false,&quot;center&quot;:false,&quot;dots&quot;:false,&quot;items&quot;:2,&quot;loop&quot;:true,&quot;nav&quot;:true,&quot;stagePadding&quot;:0,&quot;slideBy&quot;:&quot;1&quot;},&quot;961&quot;:{&quot;autoHeight&quot;:false,&quot;autoplay&quot;:true,&quot;autoWidth&quot;:false,&quot;center&quot;:false,&quot;dots&quot;:false,&quot;items&quot;:3,&quot;loop&quot;:true,&quot;nav&quot;:true,&quot;stagePadding&quot;:0,&quot;slideBy&quot;:&quot;1&quot;},&quot;1381&quot;:{&quot;items&quot;:4,&quot;autoplay&quot;:false,&quot;center&quot;:false,&quot;dots&quot;:false,&quot;nav&quot;:true,&quot;autoHeight&quot;:false,&quot;autoWidth&quot;:false,&quot;loop&quot;:true,&quot;stagePadding&quot;:0}}}}'><\/div><\/div><\/div><\/div><\/div><\/div><\/div><\/section>\n","protected":false},"excerpt":{"rendered":"Palletbox-allerlei-2Caract\u00e9ristiques et dimensions : 610 l avec ou sans couvercle 1200 x 1000 x 780 Possibilit\u00e9 d&rsquo;acheter un sac poubelle pour la caisse-palette D\u00e9pla\u00e7able \u00e0 l&rsquo;aide d&rsquo;un transpalette Couvercle disponible en option. Je souhaite recevoir un devis.Quel type de d\u00e9chetpeut-on mettre dans un conteneur caisse-palette ? D\u00e9chets chimiquesChez Gielen, vous pouvez toujours compter sur un...","protected":false},"author":1,"featured_media":108,"parent":2009,"menu_order":1,"comment_status":"closed","ping_status":"closed","template":"","meta":{"footnotes":""},"pagina-categorie":[],"sector":[160],"type-container-per-afvalsoort":[169,166],"class_list":["post-2011","page","type-page","status-publish","has-post-thumbnail","hentry","sector-retail-fr","type-container-per-afvalsoort-gesloten-containers-fr","type-container-per-afvalsoort-open-container-fr"],"acf":[],"yoast_head":"<!-- This site is optimized with the Yoast SEO plugin v26.2 - https:\/\/yoast.com\/wordpress\/plugins\/seo\/ -->\n<title>Recycler plastiques durs Limbourg<\/title>\n<meta name=\"description\" content=\"Si vous souhaitez recycler des plastiques durs, Containerservice Gielen \u00e0 Genk, dans le Limbourg, vous propose de nombreuses solutions sur mesure.\" \/>\n<meta name=\"robots\" content=\"index, follow, max-snippet:-1, max-image-preview:large, max-video-preview:-1\" \/>\n<link rel=\"canonical\" href=\"https:\/\/gielen-recyclage.be\/fr\/types-de-dechets\/plastiques\/plastiques-durs\/\" \/>\n<meta property=\"og:locale\" content=\"fr_FR\" \/>\n<meta property=\"og:type\" content=\"article\" \/>\n<meta property=\"og:title\" content=\"Recycler plastiques durs Limbourg\" \/>\n<meta property=\"og:description\" content=\"Si vous souhaitez recycler des plastiques durs, Containerservice Gielen \u00e0 Genk, dans le Limbourg, vous propose de nombreuses solutions sur mesure.\" \/>\n<meta property=\"og:url\" content=\"https:\/\/gielen-recyclage.be\/fr\/types-de-dechets\/plastiques\/plastiques-durs\/\" \/>\n<meta property=\"og:site_name\" content=\"Containerservice Gielen\" \/>\n<meta property=\"article:modified_time\" content=\"2023-10-03T11:20:38+00:00\" \/>\n<meta property=\"og:image\" content=\"https:\/\/gielen-recyclage.be\/wp-content\/uploads\/2023\/07\/Iconen-afval_Harde-KS.png\" \/>\n\t<meta property=\"og:image:width\" content=\"500\" \/>\n\t<meta property=\"og:image:height\" content=\"500\" \/>\n\t<meta property=\"og:image:type\" content=\"image\/png\" \/>\n<meta name=\"twitter:card\" content=\"summary_large_image\" \/>\n<meta name=\"twitter:label1\" content=\"Dur\u00e9e de lecture est.\" \/>\n\t<meta name=\"twitter:data1\" content=\"4 minutes\" \/>\n<script type=\"application\/ld+json\" class=\"yoast-schema-graph\">{\"@context\":\"https:\/\/schema.org\",\"@graph\":[{\"@type\":\"WebPage\",\"@id\":\"https:\/\/gielen-recyclage.be\/fr\/types-de-dechets\/plastiques\/plastiques-durs\/\",\"url\":\"https:\/\/gielen-recyclage.be\/fr\/types-de-dechets\/plastiques\/plastiques-durs\/\",\"name\":\"Recycler plastiques durs Limbourg\",\"isPartOf\":{\"@id\":\"https:\/\/gielen-recyclage.be\/#website\"},\"primaryImageOfPage\":{\"@id\":\"https:\/\/gielen-recyclage.be\/fr\/types-de-dechets\/plastiques\/plastiques-durs\/#primaryimage\"},\"image\":{\"@id\":\"https:\/\/gielen-recyclage.be\/fr\/types-de-dechets\/plastiques\/plastiques-durs\/#primaryimage\"},\"thumbnailUrl\":\"https:\/\/gielen-recyclage.be\/wp-content\/uploads\/2023\/07\/Iconen-afval_Harde-KS.png\",\"datePublished\":\"2023-07-11T11:35:33+00:00\",\"dateModified\":\"2023-10-03T11:20:38+00:00\",\"description\":\"Si vous souhaitez recycler des plastiques durs, Containerservice Gielen \u00e0 Genk, dans le Limbourg, vous propose de nombreuses solutions sur mesure.\",\"breadcrumb\":{\"@id\":\"https:\/\/gielen-recyclage.be\/fr\/types-de-dechets\/plastiques\/plastiques-durs\/#breadcrumb\"},\"inLanguage\":\"fr-BE\",\"potentialAction\":[{\"@type\":\"ReadAction\",\"target\":[\"https:\/\/gielen-recyclage.be\/fr\/types-de-dechets\/plastiques\/plastiques-durs\/\"]}]},{\"@type\":\"ImageObject\",\"inLanguage\":\"fr-BE\",\"@id\":\"https:\/\/gielen-recyclage.be\/fr\/types-de-dechets\/plastiques\/plastiques-durs\/#primaryimage\",\"url\":\"https:\/\/gielen-recyclage.be\/wp-content\/uploads\/2023\/07\/Iconen-afval_Harde-KS.png\",\"contentUrl\":\"https:\/\/gielen-recyclage.be\/wp-content\/uploads\/2023\/07\/Iconen-afval_Harde-KS.png\",\"width\":500,\"height\":500},{\"@type\":\"BreadcrumbList\",\"@id\":\"https:\/\/gielen-recyclage.be\/fr\/types-de-dechets\/plastiques\/plastiques-durs\/#breadcrumb\",\"itemListElement\":[{\"@type\":\"ListItem\",\"position\":1,\"name\":\"Home\",\"item\":\"https:\/\/gielen-recyclage.be\/fr\/\"},{\"@type\":\"ListItem\",\"position\":2,\"name\":\"Types de d\u00e9chets\",\"item\":\"https:\/\/gielen-recyclage.be\/fr\/types-de-dechets\/\"},{\"@type\":\"ListItem\",\"position\":3,\"name\":\"Plastiques\",\"item\":\"https:\/\/gielen-recyclage.be\/fr\/types-de-dechets\/plastiques\/\"},{\"@type\":\"ListItem\",\"position\":4,\"name\":\"Plastiques durs\"}]},{\"@type\":\"WebSite\",\"@id\":\"https:\/\/gielen-recyclage.be\/#website\",\"url\":\"https:\/\/gielen-recyclage.be\/\",\"name\":\"Containerservice Gielen\",\"description\":\"\",\"potentialAction\":[{\"@type\":\"SearchAction\",\"target\":{\"@type\":\"EntryPoint\",\"urlTemplate\":\"https:\/\/gielen-recyclage.be\/?s={search_term_string}\"},\"query-input\":{\"@type\":\"PropertyValueSpecification\",\"valueRequired\":true,\"valueName\":\"search_term_string\"}}],\"inLanguage\":\"fr-BE\"}]}<\/script>\n<!-- \/ Yoast SEO plugin. -->","yoast_head_json":{"title":"Recycler plastiques durs Limbourg","description":"Si vous souhaitez recycler des plastiques durs, Containerservice Gielen \u00e0 Genk, dans le Limbourg, vous propose de nombreuses solutions sur mesure.","robots":{"index":"index","follow":"follow","max-snippet":"max-snippet:-1","max-image-preview":"max-image-preview:large","max-video-preview":"max-video-preview:-1"},"canonical":"https:\/\/gielen-recyclage.be\/fr\/types-de-dechets\/plastiques\/plastiques-durs\/","og_locale":"fr_FR","og_type":"article","og_title":"Recycler plastiques durs Limbourg","og_description":"Si vous souhaitez recycler des plastiques durs, Containerservice Gielen \u00e0 Genk, dans le Limbourg, vous propose de nombreuses solutions sur mesure.","og_url":"https:\/\/gielen-recyclage.be\/fr\/types-de-dechets\/plastiques\/plastiques-durs\/","og_site_name":"Containerservice Gielen","article_modified_time":"2023-10-03T11:20:38+00:00","og_image":[{"width":500,"height":500,"url":"https:\/\/gielen-recyclage.be\/wp-content\/uploads\/2023\/07\/Iconen-afval_Harde-KS.png","type":"image\/png"}],"twitter_card":"summary_large_image","twitter_misc":{"Dur\u00e9e de lecture est.":"4 minutes"},"schema":{"@context":"https:\/\/schema.org","@graph":[{"@type":"WebPage","@id":"https:\/\/gielen-recyclage.be\/fr\/types-de-dechets\/plastiques\/plastiques-durs\/","url":"https:\/\/gielen-recyclage.be\/fr\/types-de-dechets\/plastiques\/plastiques-durs\/","name":"Recycler plastiques durs Limbourg","isPartOf":{"@id":"https:\/\/gielen-recyclage.be\/#website"},"primaryImageOfPage":{"@id":"https:\/\/gielen-recyclage.be\/fr\/types-de-dechets\/plastiques\/plastiques-durs\/#primaryimage"},"image":{"@id":"https:\/\/gielen-recyclage.be\/fr\/types-de-dechets\/plastiques\/plastiques-durs\/#primaryimage"},"thumbnailUrl":"https:\/\/gielen-recyclage.be\/wp-content\/uploads\/2023\/07\/Iconen-afval_Harde-KS.png","datePublished":"2023-07-11T11:35:33+00:00","dateModified":"2023-10-03T11:20:38+00:00","description":"Si vous souhaitez recycler des plastiques durs, Containerservice Gielen \u00e0 Genk, dans le Limbourg, vous propose de nombreuses solutions sur mesure.","breadcrumb":{"@id":"https:\/\/gielen-recyclage.be\/fr\/types-de-dechets\/plastiques\/plastiques-durs\/#breadcrumb"},"inLanguage":"fr-BE","potentialAction":[{"@type":"ReadAction","target":["https:\/\/gielen-recyclage.be\/fr\/types-de-dechets\/plastiques\/plastiques-durs\/"]}]},{"@type":"ImageObject","inLanguage":"fr-BE","@id":"https:\/\/gielen-recyclage.be\/fr\/types-de-dechets\/plastiques\/plastiques-durs\/#primaryimage","url":"https:\/\/gielen-recyclage.be\/wp-content\/uploads\/2023\/07\/Iconen-afval_Harde-KS.png","contentUrl":"https:\/\/gielen-recyclage.be\/wp-content\/uploads\/2023\/07\/Iconen-afval_Harde-KS.png","width":500,"height":500},{"@type":"BreadcrumbList","@id":"https:\/\/gielen-recyclage.be\/fr\/types-de-dechets\/plastiques\/plastiques-durs\/#breadcrumb","itemListElement":[{"@type":"ListItem","position":1,"name":"Home","item":"https:\/\/gielen-recyclage.be\/fr\/"},{"@type":"ListItem","position":2,"name":"Types de d\u00e9chets","item":"https:\/\/gielen-recyclage.be\/fr\/types-de-dechets\/"},{"@type":"ListItem","position":3,"name":"Plastiques","item":"https:\/\/gielen-recyclage.be\/fr\/types-de-dechets\/plastiques\/"},{"@type":"ListItem","position":4,"name":"Plastiques durs"}]},{"@type":"WebSite","@id":"https:\/\/gielen-recyclage.be\/#website","url":"https:\/\/gielen-recyclage.be\/","name":"Containerservice Gielen","description":"","potentialAction":[{"@type":"SearchAction","target":{"@type":"EntryPoint","urlTemplate":"https:\/\/gielen-recyclage.be\/?s={search_term_string}"},"query-input":{"@type":"PropertyValueSpecification","valueRequired":true,"valueName":"search_term_string"}}],"inLanguage":"fr-BE"}]}},"_links":{"self":[{"href":"https:\/\/gielen-recyclage.be\/fr\/wp-json\/wp\/v2\/pages\/2011","targetHints":{"allow":["GET"]}}],"collection":[{"href":"https:\/\/gielen-recyclage.be\/fr\/wp-json\/wp\/v2\/pages"}],"about":[{"href":"https:\/\/gielen-recyclage.be\/fr\/wp-json\/wp\/v2\/types\/page"}],"author":[{"embeddable":true,"href":"https:\/\/gielen-recyclage.be\/fr\/wp-json\/wp\/v2\/users\/1"}],"replies":[{"embeddable":true,"href":"https:\/\/gielen-recyclage.be\/fr\/wp-json\/wp\/v2\/comments?post=2011"}],"version-history":[{"count":4,"href":"https:\/\/gielen-recyclage.be\/fr\/wp-json\/wp\/v2\/pages\/2011\/revisions"}],"predecessor-version":[{"id":2418,"href":"https:\/\/gielen-recyclage.be\/fr\/wp-json\/wp\/v2\/pages\/2011\/revisions\/2418"}],"up":[{"embeddable":true,"href":"https:\/\/gielen-recyclage.be\/fr\/wp-json\/wp\/v2\/pages\/2009"}],"wp:featuredmedia":[{"embeddable":true,"href":"https:\/\/gielen-recyclage.be\/fr\/wp-json\/wp\/v2\/media\/108"}],"wp:attachment":[{"href":"https:\/\/gielen-recyclage.be\/fr\/wp-json\/wp\/v2\/media?parent=2011"}],"wp:term":[{"taxonomy":"pagina-categorie","embeddable":true,"href":"https:\/\/gielen-recyclage.be\/fr\/wp-json\/wp\/v2\/pagina-categorie?post=2011"},{"taxonomy":"sector","embeddable":true,"href":"https:\/\/gielen-recyclage.be\/fr\/wp-json\/wp\/v2\/sector?post=2011"},{"taxonomy":"type-container-per-afvalsoort","embeddable":true,"href":"https:\/\/gielen-recyclage.be\/fr\/wp-json\/wp\/v2\/type-container-per-afvalsoort?post=2011"}],"curies":[{"name":"wp","href":"https:\/\/api.w.org\/{rel}","templated":true}]}}