{"id":2087,"date":"2023-07-11T13:39:19","date_gmt":"2023-07-11T11:39:19","guid":{"rendered":"https:\/\/gielen-recyclage.be\/?page_id=2087"},"modified":"2025-10-22T13:15:28","modified_gmt":"2025-10-22T11:15:28","slug":"education","status":"publish","type":"page","link":"https:\/\/gielen-recyclage.be\/fr\/solutions-pour-les-dechets\/education\/","title":{"rendered":"\u00c9ducation"},"content":{"rendered":"<section class=\"l-section wpb_row us_custom_d2199d32 height_auto\"><div class=\"l-section-h i-cf\"><div class=\"g-cols vc_row via_flex valign_middle type_boxes stacking_default\" style=\"--additional-gap:15px;\"><div class=\"vc_col-sm-1 vc_hidden-sm vc_hidden-xs wpb_column vc_column_container has_bg_color stretched\"><div class=\"vc_column-inner us_custom_617ee1b7\"><div class=\"wpb_wrapper\"><\/div><\/div><\/div><div class=\"vc_col-sm-7 vc_col-lg-7 vc_col-md-7 vc_col-xs-12 wpb_column vc_column_container has_bg_color\"><div class=\"vc_column-inner us_custom_43bb1cd8\"><div class=\"wpb_wrapper\"><div class=\"wpb_text_column\"><div class=\"wpb_wrapper\"><h1>SOLUTIONS DE D\u00c9CHETS POUR<br \/>\nLE SECTEUR DE <strong>L\u2019\u00c9DUCATION<\/strong><\/h1>\n<p>Avec Containerservice Gielen pour partenaire, vous mettez en \u0153uvre des solutions simples de gestion des d\u00e9chets dans votre \u00e9tablissement. Nous disposons d\u2019une large gamme de diff\u00e9rents types de conteneurs, y compris des bennes roulantes, des caisses-palettes, des f\u00fbts, etc. Nous pouvons ainsi proposer des solutions pour la collecte des flux de d\u00e9chets les plus courants dans les \u00e9coles, tels que le papier, le carton, les d\u00e9chets organiques et les d\u00e9chets r\u00e9siduels.<\/p>\n<p>Cependant, nous proposons aussi des solutions de collecte des d\u00e9chets \u00e9lectriques et des petits d\u00e9chets dangereux (PDD). Nous pouvons m\u00eame collecter discr\u00e8tement les documents confidentiels et les d\u00e9truire pour vous. Si vous avez beaucoup de d\u00e9chets mixtes triables et non triables, nous sommes le partenaire id\u00e9al pour vous conseiller\u202f!<\/p>\n<\/div><\/div><div class=\"w-separator size_small\"><\/div><div class=\"w-btn-wrapper align_none\"><a class=\"w-btn us-btn-style_1 icon_atright\" title=\"Offerteaanvraag\" href=\"https:\/\/gielen-recyclage.be\/fr\/demande-de-devis\/\"><span class=\"w-btn-label\">Envoyez-moi un devis sur mesure<\/span><i class=\"far fa-long-arrow-right\"><\/i><\/a><\/div><\/div><\/div><\/div><div class=\"vc_col-sm-5 vc_col-lg-4 vc_col-md-4 vc_col-xs-12 wpb_column vc_column_container h300 popupopen has_bg_color stretched\"><div class=\"vc_column-inner us_custom_cb4fe0b8\"><div class=\"wpb_wrapper\"><\/div><\/div><\/div><\/div><\/div><\/section><section class=\"l-section wpb_row height_large\"><div class=\"l-section-h i-cf\"><div class=\"g-cols vc_row via_flex valign_top type_default stacking_default\" style=\"--additional-gap:15px;\"><div class=\"vc_col-sm-6 wpb_column vc_column_container m300 has_bg_color\"><div class=\"vc_column-inner us_custom_8080f288\"><div class=\"wpb_wrapper\"><\/div><\/div><\/div><div class=\"vc_col-sm-1 wpb_column vc_column_container\"><div class=\"vc_column-inner\"><div class=\"wpb_wrapper\"><\/div><\/div><\/div><div class=\"vc_col-sm-5 wpb_column vc_column_container\"><div class=\"vc_column-inner\"><div class=\"wpb_wrapper\"><div class=\"wpb_text_column\"><div class=\"wpb_wrapper\"><h2>TRAITEMENT DES D\u00c9CHETS DANS LE <strong>SECTEUR DE L\u2019\u00c9DUCATION<\/strong><\/h2>\n<p>La plupart des \u00e9coles sont tr\u00e8s soucieuses de pr\u00e9server l\u2019environnement et am\u00e9liorent constamment leur politique en mati\u00e8re de d\u00e9chets. Elles encouragent les \u00e9l\u00e8ves \u00e0 apporter des fruits et des biscuits faits maison dans des bo\u00eetes r\u00e9utilisables pour les go\u00fbters, afin de r\u00e9duire les d\u00e9chets. La gestion des d\u00e9chets dans le secteur de l\u2019\u00e9ducation est donc extr\u00eamement importante, et Containerservice Gielen est le partenaire tout d\u00e9sign\u00e9 pour adopter une solution cl\u00e9 en main et durable de gestion des d\u00e9chets. Cela constituera un bon exemple pour d\u2019innombrables enfants et adolescents. En effet, quand on apprend jeune, on pratique toute la vie\u202f!<\/p>\n<\/div><\/div><div class=\"w-separator size_medium\"><\/div><div class=\"w-btn-wrapper align_none\"><a class=\"w-btn us-btn-style_1 icon_atright\" title=\"Offerteaanvraag\" href=\"https:\/\/gielen-recyclage.be\/fr\/demande-de-devis\/\"><span class=\"w-btn-label\">Envoyez-moi un devis sur mesure<\/span><i class=\"far fa-long-arrow-right\"><\/i><\/a><\/div><\/div><\/div><\/div><\/div><\/div><\/section><section class=\"l-section wpb_row height_large\"><div class=\"l-section-h i-cf\"><div class=\"g-cols vc_row via_flex valign_top type_default stacking_default\"><div class=\"vc_col-sm-6 wpb_column vc_column_container\"><div class=\"vc_column-inner\"><div class=\"wpb_wrapper\"><div class=\"wpb_text_column\"><div class=\"wpb_wrapper\"><h2>CONTAINERSERVICE GIELEN<br \/>\nFAIT LA DIFF\u00c9RENCE !<\/h2>\n<p>Malgr\u00e9 tous les efforts d\u00e9ploy\u00e9s pour encourager l\u2019adoption d\u2019emballages r\u00e9utilisables et interdire les bouteilles en PET, votre \u00e9cole est peut-\u00eatre encore confront\u00e9e \u00e0 de grandes quantit\u00e9s de d\u00e9chets. Gr\u00e2ce \u00e0 une \u00e9quipe d\u2019employ\u00e9s qualifi\u00e9s, \u00e0 un parc de v\u00e9hicules modernes et \u00e0 des machines automatis\u00e9es, nous assurons le traitement durable de vos d\u00e9chets pour qu\u2019ils redeviennent des mati\u00e8res premi\u00e8res. Profitez de notre service rapide, flexible et efficace, et offrez \u00e0 vos \u00e9tudiants un avenir radieux.<\/p>\n<\/div><\/div><\/div><\/div><\/div><div class=\"vc_col-sm-6 wpb_column vc_column_container\"><div class=\"vc_column-inner\"><div class=\"wpb_wrapper\"><\/div><\/div><\/div><div class=\"vc_col-sm-12 wpb_column vc_column_container\"><div class=\"vc_column-inner\"><div class=\"wpb_wrapper\"><div class=\"w-separator size_medium\"><\/div><div class=\"w-grid us_grid type_grid layout_467 cols_4 preload_style_spinner\" id=\"us_grid_1\" style=\"--columns:4;--gap:1rem;\" data-filterable=\"true\"><style>@media (max-width:1380px){#us_grid_1{--columns:3!important}}@media (max-width:960px){#us_grid_1{--columns:2!important}}@media (max-width:767px){#us_grid_1{--columns:1!important}}.layout_467 .w-grid-item-h{}.layout_467 .usg_vwrapper_1{}.layout_467 .w-grid-item-h:focus-within .usg_vwrapper_1,.layout_467 .w-grid-item-h:hover .usg_vwrapper_1{background:var(--color-alt-content-bg-alt)!important;color:#ffffff!important}.layout_467 .usg_vwrapper_1{color:var(--color-header-middle-text)!important;height:100%!important;padding:30px!important;background:#F2F2F2!important}.layout_467 .usg_post_custom_field_1{max-width:150px!important}<\/style><div class=\"w-grid-list\">\t<article class=\"w-grid-item size_1x1 post-2040 page type-page status-publish has-post-thumbnail hentry sector-bouw-industrie-fr sector-garages-fr sector-kantoren-fr sector-medische-en-chemische-sector-fr sector-onderwijs-fr sector-retail-fr type-container-per-afvalsoort-open-container-fr\" data-id=\"2040\">\r\n\t\t<div class=\"w-grid-item-h\">\r\n\t\t\t\t\t\t\t<a href=\"https:\/\/gielen-recyclage.be\/fr\/types-de-dechets\/dechets-melanges\/professionnels\/triables\/\" class=\"w-grid-item-anchor\" aria-label=\"D\u00e9chets m\u00e9lang\u00e9s (triables)\"><\/a>\r\n\t\t\t\t\t\t<div class=\"w-vwrapper usg_vwrapper_1 has_text_color\"><div class=\"w-post-elm post_custom_field usg_post_custom_field_1 type_image icoon color_link_inherit has_ratio\"><div style=\"padding-bottom:100%\"><\/div><img loading=\"lazy\" decoding=\"async\" width=\"500\" height=\"500\" src=\"https:\/\/gielen-recyclage.be\/wp-content\/uploads\/2023\/07\/Iconen-afval_Gemengd.png\" class=\"attachment-large size-large\" alt=\"\" srcset=\"https:\/\/gielen-recyclage.be\/wp-content\/uploads\/2023\/07\/Iconen-afval_Gemengd.png 500w, https:\/\/gielen-recyclage.be\/wp-content\/uploads\/2023\/07\/Iconen-afval_Gemengd-300x300.png 300w, https:\/\/gielen-recyclage.be\/wp-content\/uploads\/2023\/07\/Iconen-afval_Gemengd-150x150.png 150w\" sizes=\"auto, (max-width: 500px) 100vw, 500px\" \/><\/div><h5 class=\"w-post-elm post_title usg_post_title_1 entry-title color_link_inherit\">D\u00e9chets m\u00e9lang\u00e9s (triables)<\/h5><div class=\"w-post-elm post_custom_field usg_post_custom_field_2 type_text korte_inhoud color_link_inherit\"><span class=\"w-post-elm-value\">Si vous \u00eates un professionnel et que vous \u00eates submerg\u00e9 de d\u00e9chets mixtes triables ou encombrants, vous pouvez compter sur Containerservice Gielen ! <\/span><\/div><\/div>\t\t<\/div>\r\n\t\t\t<\/article>\r\n\t<article class=\"w-grid-item size_1x1 post-2041 page type-page status-publish has-post-thumbnail hentry sector-bouw-industrie-fr sector-garages-fr sector-kantoren-fr sector-medische-en-chemische-sector-fr sector-onderwijs-fr sector-retail-fr type-container-per-afvalsoort-open-container-fr\" data-id=\"2041\">\r\n\t\t<div class=\"w-grid-item-h\">\r\n\t\t\t\t\t\t\t<a href=\"https:\/\/gielen-recyclage.be\/fr\/types-de-dechets\/dechets-melanges\/professionnels\/non-triables\/\" class=\"w-grid-item-anchor\" aria-label=\"D\u00e9chets m\u00e9lang\u00e9s d&rsquo;entreprises (non-triables)\"><\/a>\r\n\t\t\t\t\t\t<div class=\"w-vwrapper usg_vwrapper_1 has_text_color\"><div class=\"w-post-elm post_custom_field usg_post_custom_field_1 type_image icoon color_link_inherit has_ratio\"><div style=\"padding-bottom:100%\"><\/div><img loading=\"lazy\" decoding=\"async\" width=\"500\" height=\"500\" src=\"https:\/\/gielen-recyclage.be\/wp-content\/uploads\/2023\/07\/Iconen-afval_Gemengd.png\" class=\"attachment-large size-large\" alt=\"\" srcset=\"https:\/\/gielen-recyclage.be\/wp-content\/uploads\/2023\/07\/Iconen-afval_Gemengd.png 500w, https:\/\/gielen-recyclage.be\/wp-content\/uploads\/2023\/07\/Iconen-afval_Gemengd-300x300.png 300w, https:\/\/gielen-recyclage.be\/wp-content\/uploads\/2023\/07\/Iconen-afval_Gemengd-150x150.png 150w\" sizes=\"auto, (max-width: 500px) 100vw, 500px\" \/><\/div><h5 class=\"w-post-elm post_title usg_post_title_1 entry-title color_link_inherit\">D\u00e9chets m\u00e9lang\u00e9s d&rsquo;entreprises (non-triables)<\/h5><div class=\"w-post-elm post_custom_field usg_post_custom_field_2 type_text korte_inhoud color_link_inherit\"><span class=\"w-post-elm-value\">Les professionnels peuvent aussi d\u2019adresser \u00e0 Containerservice Gielen pour obtenir des solutions \u00e9conomiques pour leurs d\u00e9chets r\u00e9siduels d'entreprises non triables.  <\/span><\/div><\/div>\t\t<\/div>\r\n\t\t\t<\/article>\r\n\t<article class=\"w-grid-item size_1x1 post-2010 page type-page status-publish has-post-thumbnail hentry sector-garages-fr sector-horeca-fr sector-kantoren-fr sector-onderwijs-fr sector-retail-fr type-container-per-afvalsoort-gesloten-containers-fr type-container-per-afvalsoort-ondergrondse-container-fr type-container-per-afvalsoort-open-container-fr type-container-per-afvalsoort-rolcontainer-fr\" data-id=\"2010\">\r\n\t\t<div class=\"w-grid-item-h\">\r\n\t\t\t\t\t\t\t<a href=\"https:\/\/gielen-recyclage.be\/fr\/types-de-dechets\/plastiques\/pmc\/\" class=\"w-grid-item-anchor\" aria-label=\"PMC\"><\/a>\r\n\t\t\t\t\t\t<div class=\"w-vwrapper usg_vwrapper_1 has_text_color\"><div class=\"w-post-elm post_custom_field usg_post_custom_field_1 type_image icoon color_link_inherit has_ratio\"><div style=\"padding-bottom:100%\"><\/div><img loading=\"lazy\" decoding=\"async\" width=\"500\" height=\"500\" src=\"https:\/\/gielen-recyclage.be\/wp-content\/uploads\/2023\/07\/Iconen-afval_PET.png\" class=\"attachment-large size-large\" alt=\"\" srcset=\"https:\/\/gielen-recyclage.be\/wp-content\/uploads\/2023\/07\/Iconen-afval_PET.png 500w, https:\/\/gielen-recyclage.be\/wp-content\/uploads\/2023\/07\/Iconen-afval_PET-300x300.png 300w, https:\/\/gielen-recyclage.be\/wp-content\/uploads\/2023\/07\/Iconen-afval_PET-150x150.png 150w\" sizes=\"auto, (max-width: 500px) 100vw, 500px\" \/><\/div><h5 class=\"w-post-elm post_title usg_post_title_1 entry-title color_link_inherit\">PMC<\/h5><div class=\"w-post-elm post_custom_field usg_post_custom_field_2 type_text korte_inhoud color_link_inherit\"><span class=\"w-post-elm-value\">Container Service Gielen peut vous aider \u00e0 faire recycler les PMC dans le respect de la l\u00e9gislation.  <\/span><\/div><\/div>\t\t<\/div>\r\n\t\t\t<\/article>\r\n\t<article class=\"w-grid-item size_1x1 post-2012 page type-page status-publish has-post-thumbnail hentry sector-garages-fr sector-kantoren-fr sector-medische-en-chemische-sector-fr sector-onderwijs-fr sector-retail-fr type-container-per-afvalsoort-gesloten-containers-fr type-container-per-afvalsoort-open-container-fr type-container-per-afvalsoort-perscontainer-fr\" data-id=\"2012\">\r\n\t\t<div class=\"w-grid-item-h\">\r\n\t\t\t\t\t\t\t<a href=\"https:\/\/gielen-recyclage.be\/fr\/types-de-dechets\/plastiques\/films-plastique\/\" class=\"w-grid-item-anchor\" aria-label=\"Films plastique\"><\/a>\r\n\t\t\t\t\t\t<div class=\"w-vwrapper usg_vwrapper_1 has_text_color\"><div class=\"w-post-elm post_custom_field usg_post_custom_field_1 type_image icoon color_link_inherit has_ratio\"><div style=\"padding-bottom:100%\"><\/div><img loading=\"lazy\" decoding=\"async\" width=\"500\" height=\"500\" src=\"https:\/\/gielen-recyclage.be\/wp-content\/uploads\/2023\/07\/Iconen-afval_Folie.png\" class=\"attachment-large size-large\" alt=\"\" srcset=\"https:\/\/gielen-recyclage.be\/wp-content\/uploads\/2023\/07\/Iconen-afval_Folie.png 500w, https:\/\/gielen-recyclage.be\/wp-content\/uploads\/2023\/07\/Iconen-afval_Folie-300x300.png 300w, https:\/\/gielen-recyclage.be\/wp-content\/uploads\/2023\/07\/Iconen-afval_Folie-150x150.png 150w\" sizes=\"auto, (max-width: 500px) 100vw, 500px\" \/><\/div><h5 class=\"w-post-elm post_title usg_post_title_1 entry-title color_link_inherit\">Films plastique<\/h5><div class=\"w-post-elm post_custom_field usg_post_custom_field_2 type_text korte_inhoud color_link_inherit\"><span class=\"w-post-elm-value\">Chez Containerservice Gielen, nous pouvons collecter, transporter et transformer des films plastique dans le strict respect des normes, pour leur redonner une seconde vie en tant que mati\u00e8re premi\u00e8re.  <\/span><\/div><\/div>\t\t<\/div>\r\n\t\t\t<\/article>\r\n\t<article class=\"w-grid-item size_1x1 post-2045 page type-page status-publish has-post-thumbnail hentry sector-bouw-industrie-fr sector-horeca-fr sector-kantoren-fr sector-medische-en-chemische-sector-fr sector-onderwijs-fr sector-retail-fr type-container-per-afvalsoort-gesloten-containers-fr type-container-per-afvalsoort-open-container-fr\" data-id=\"2045\">\r\n\t\t<div class=\"w-grid-item-h\">\r\n\t\t\t\t\t\t\t<a href=\"https:\/\/gielen-recyclage.be\/fr\/types-de-dechets\/dechets-electriques-et-electroniques\/\" class=\"w-grid-item-anchor\" aria-label=\"D\u00e9chets \u00e9lectriques et \u00e9lectroniques\"><\/a>\r\n\t\t\t\t\t\t<div class=\"w-vwrapper usg_vwrapper_1 has_text_color\"><div class=\"w-post-elm post_custom_field usg_post_custom_field_1 type_image icoon color_link_inherit has_ratio\"><div style=\"padding-bottom:100%\"><\/div><img loading=\"lazy\" decoding=\"async\" width=\"500\" height=\"500\" src=\"https:\/\/gielen-recyclage.be\/wp-content\/uploads\/2023\/07\/Iconen-afval_Electro.png\" class=\"attachment-large size-large\" alt=\"\" srcset=\"https:\/\/gielen-recyclage.be\/wp-content\/uploads\/2023\/07\/Iconen-afval_Electro.png 500w, https:\/\/gielen-recyclage.be\/wp-content\/uploads\/2023\/07\/Iconen-afval_Electro-300x300.png 300w, https:\/\/gielen-recyclage.be\/wp-content\/uploads\/2023\/07\/Iconen-afval_Electro-150x150.png 150w\" sizes=\"auto, (max-width: 500px) 100vw, 500px\" \/><\/div><h5 class=\"w-post-elm post_title usg_post_title_1 entry-title color_link_inherit\">D\u00e9chets \u00e9lectriques et \u00e9lectroniques<\/h5><div class=\"w-post-elm post_custom_field usg_post_custom_field_2 type_text korte_inhoud color_link_inherit\"><span class=\"w-post-elm-value\">Le recyclage s\u00fbr des d\u00e9chets \u00e9lectriques s\u00fbre devient de plus en plus important, et Containerservice Gielen sera ravi de s\u2019y atteler.  <\/span><\/div><\/div>\t\t<\/div>\r\n\t\t\t<\/article>\r\n\t<article class=\"w-grid-item size_1x1 post-2047 page type-page status-publish has-post-thumbnail hentry sector-bouw-industrie-fr sector-horeca-fr sector-kantoren-fr sector-medische-en-chemische-sector-fr sector-onderwijs-fr type-container-per-afvalsoort-gesloten-containers-fr type-container-per-afvalsoort-ondergrondse-container-fr type-container-per-afvalsoort-open-container-fr type-container-per-afvalsoort-rolcontainer-fr\" data-id=\"2047\">\r\n\t\t<div class=\"w-grid-item-h\">\r\n\t\t\t\t\t\t\t<a href=\"https:\/\/gielen-recyclage.be\/fr\/types-de-dechets\/verre\/\" class=\"w-grid-item-anchor\" aria-label=\"Verre\"><\/a>\r\n\t\t\t\t\t\t<div class=\"w-vwrapper usg_vwrapper_1 has_text_color\"><div class=\"w-post-elm post_custom_field usg_post_custom_field_1 type_image icoon color_link_inherit has_ratio\"><div style=\"padding-bottom:100%\"><\/div><img loading=\"lazy\" decoding=\"async\" width=\"500\" height=\"500\" src=\"https:\/\/gielen-recyclage.be\/wp-content\/uploads\/2023\/07\/Iconen-afval_Glas.png\" class=\"attachment-large size-large\" alt=\"\" srcset=\"https:\/\/gielen-recyclage.be\/wp-content\/uploads\/2023\/07\/Iconen-afval_Glas.png 500w, https:\/\/gielen-recyclage.be\/wp-content\/uploads\/2023\/07\/Iconen-afval_Glas-300x300.png 300w, https:\/\/gielen-recyclage.be\/wp-content\/uploads\/2023\/07\/Iconen-afval_Glas-150x150.png 150w\" sizes=\"auto, (max-width: 500px) 100vw, 500px\" \/><\/div><h5 class=\"w-post-elm post_title usg_post_title_1 entry-title color_link_inherit\">Verre<\/h5><div class=\"w-post-elm post_custom_field usg_post_custom_field_2 type_text korte_inhoud color_link_inherit\"><span class=\"w-post-elm-value\">Chez Containerservice Gielen, nous acceptons diff\u00e9rents types de verre que nous pr\u00e9parons en vue de leur traitement dans des installations sp\u00e9cialis\u00e9es.  <\/span><\/div><\/div>\t\t<\/div>\r\n\t\t\t<\/article>\r\n\t<article class=\"w-grid-item size_1x1 post-2052 page type-page status-publish has-post-thumbnail hentry sector-bouw-industrie-fr sector-horeca-fr sector-kantoren-fr sector-medische-en-chemische-sector-fr sector-onderwijs-fr sector-retail-fr\" data-id=\"2052\">\r\n\t\t<div class=\"w-grid-item-h\">\r\n\t\t\t\t\t\t\t<a href=\"https:\/\/gielen-recyclage.be\/fr\/types-de-dechets\/swill-dechets-alimentaires\/\" class=\"w-grid-item-anchor\" aria-label=\"Swill\u200b (d\u00e9chets alimentaires)\"><\/a>\r\n\t\t\t\t\t\t<div class=\"w-vwrapper usg_vwrapper_1 has_text_color\"><div class=\"w-post-elm post_custom_field usg_post_custom_field_1 type_image icoon color_link_inherit has_ratio\"><div style=\"padding-bottom:100%\"><\/div><img loading=\"lazy\" decoding=\"async\" width=\"500\" height=\"500\" src=\"https:\/\/gielen-recyclage.be\/wp-content\/uploads\/2023\/07\/Iconen-afval_Swill.png\" class=\"attachment-large size-large\" alt=\"\" srcset=\"https:\/\/gielen-recyclage.be\/wp-content\/uploads\/2023\/07\/Iconen-afval_Swill.png 500w, https:\/\/gielen-recyclage.be\/wp-content\/uploads\/2023\/07\/Iconen-afval_Swill-300x300.png 300w, https:\/\/gielen-recyclage.be\/wp-content\/uploads\/2023\/07\/Iconen-afval_Swill-150x150.png 150w\" sizes=\"auto, (max-width: 500px) 100vw, 500px\" \/><\/div><h5 class=\"w-post-elm post_title usg_post_title_1 entry-title color_link_inherit\">Swill\u200b (d\u00e9chets alimentaires)<\/h5><div class=\"w-post-elm post_custom_field usg_post_custom_field_2 type_text korte_inhoud color_link_inherit\"><span class=\"w-post-elm-value\">Chez Containerservice Gielen, vos d\u00e9chets dits \u00ab\u202fSWILL\u202f\u00bb (d\u00e9chets alimentaires) sont collect\u00e9s dans les r\u00e8gles de l\u2019art et transform\u00e9s, entre autres, en biogaz.  <\/span><\/div><\/div>\t\t<\/div>\r\n\t\t\t<\/article>\r\n\t<article class=\"w-grid-item size_1x1 post-2048 page type-page status-publish has-post-thumbnail hentry sector-bouw-industrie-fr sector-garages-fr sector-kantoren-fr sector-onderwijs-fr sector-retail-fr type-container-per-afvalsoort-gesloten-containers-fr type-container-per-afvalsoort-open-container-fr\" data-id=\"2048\">\r\n\t\t<div class=\"w-grid-item-h\">\r\n\t\t\t\t\t\t\t<a href=\"https:\/\/gielen-recyclage.be\/fr\/types-de-dechets\/metal\/\" class=\"w-grid-item-anchor\" aria-label=\"M\u00e9tal\"><\/a>\r\n\t\t\t\t\t\t<div class=\"w-vwrapper usg_vwrapper_1 has_text_color\"><div class=\"w-post-elm post_custom_field usg_post_custom_field_1 type_image icoon color_link_inherit has_ratio\"><div style=\"padding-bottom:100%\"><\/div><img loading=\"lazy\" decoding=\"async\" width=\"500\" height=\"500\" src=\"https:\/\/gielen-recyclage.be\/wp-content\/uploads\/2023\/07\/Iconen-afval_Metaal.png\" class=\"attachment-large size-large\" alt=\"\" srcset=\"https:\/\/gielen-recyclage.be\/wp-content\/uploads\/2023\/07\/Iconen-afval_Metaal.png 500w, https:\/\/gielen-recyclage.be\/wp-content\/uploads\/2023\/07\/Iconen-afval_Metaal-300x300.png 300w, https:\/\/gielen-recyclage.be\/wp-content\/uploads\/2023\/07\/Iconen-afval_Metaal-150x150.png 150w\" sizes=\"auto, (max-width: 500px) 100vw, 500px\" \/><\/div><h5 class=\"w-post-elm post_title usg_post_title_1 entry-title color_link_inherit\">M\u00e9tal<\/h5><div class=\"w-post-elm post_custom_field usg_post_custom_field_2 type_text korte_inhoud color_link_inherit\"><span class=\"w-post-elm-value\">Vous pouvez vous adresser \u00e0 Containerservice Gielen pour l\u2019enl\u00e8vement et la collecte de tous vos d\u00e9chets m\u00e9talliques, que nous transporterons pour les faire traiter.  <\/span><\/div><\/div>\t\t<\/div>\r\n\t\t\t<\/article>\r\n\t<article class=\"w-grid-item size_1x1 post-2015 page type-page status-publish has-post-thumbnail hentry pagina-categorie-afvalstromen-fr pagina-categorie-afvalstroom-featured-fr pagina-categorie-papier-karton-fr sector-garages-fr sector-horeca-fr sector-kantoren-fr sector-medische-en-chemische-sector-fr sector-onderwijs-fr sector-retail-fr\" data-id=\"2015\">\r\n\t\t<div class=\"w-grid-item-h\">\r\n\t\t\t\t\t\t\t<a href=\"https:\/\/gielen-recyclage.be\/fr\/types-de-dechets\/papier-et-carton\/\" class=\"w-grid-item-anchor\" aria-label=\"Papier et carton\"><\/a>\r\n\t\t\t\t\t\t<div class=\"w-vwrapper usg_vwrapper_1 has_text_color\"><div class=\"w-post-elm post_custom_field usg_post_custom_field_1 type_image icoon color_link_inherit has_ratio\"><div style=\"padding-bottom:100%\"><\/div><img loading=\"lazy\" decoding=\"async\" width=\"500\" height=\"500\" src=\"https:\/\/gielen-recyclage.be\/wp-content\/uploads\/2023\/07\/Iconen-afval_Papier.png\" class=\"attachment-large size-large\" alt=\"\" srcset=\"https:\/\/gielen-recyclage.be\/wp-content\/uploads\/2023\/07\/Iconen-afval_Papier.png 500w, https:\/\/gielen-recyclage.be\/wp-content\/uploads\/2023\/07\/Iconen-afval_Papier-300x300.png 300w, https:\/\/gielen-recyclage.be\/wp-content\/uploads\/2023\/07\/Iconen-afval_Papier-150x150.png 150w\" sizes=\"auto, (max-width: 500px) 100vw, 500px\" \/><\/div><h5 class=\"w-post-elm post_title usg_post_title_1 entry-title color_link_inherit\">Papier et carton<\/h5><div class=\"w-post-elm post_custom_field usg_post_custom_field_2 type_text korte_inhoud color_link_inherit\"><span class=\"w-post-elm-value\">Containerservice Gielen propose des solutions efficaces pour la collecte, le transport et le recyclage du papier et du carton.  <\/span><\/div><\/div>\t\t<\/div>\r\n\t\t\t<\/article>\r\n\t<article class=\"w-grid-item size_1x1 post-2043 page type-page status-publish has-post-thumbnail hentry pagina-categorie-afvalstromen-fr pagina-categorie-afvalstroom-featured-fr pagina-categorie-snoeiafval-fr sector-bouw-industrie-fr sector-horeca-fr sector-onderwijs-fr sector-particulier-fr type-container-per-afvalsoort-gesloten-containers-fr type-container-per-afvalsoort-open-container-fr\" data-id=\"2043\">\r\n\t\t<div class=\"w-grid-item-h\">\r\n\t\t\t\t\t\t\t<a href=\"https:\/\/gielen-recyclage.be\/fr\/types-de-dechets\/dechets-vert\/\" class=\"w-grid-item-anchor\" aria-label=\"D\u00e9chets vert\"><\/a>\r\n\t\t\t\t\t\t<div class=\"w-vwrapper usg_vwrapper_1 has_text_color\"><div class=\"w-post-elm post_custom_field usg_post_custom_field_1 type_image icoon color_link_inherit has_ratio\"><div style=\"padding-bottom:100%\"><\/div><img loading=\"lazy\" decoding=\"async\" width=\"500\" height=\"500\" src=\"https:\/\/gielen-recyclage.be\/wp-content\/uploads\/2023\/07\/Iconen-afval_Snoei.png\" class=\"attachment-large size-large\" alt=\"\" srcset=\"https:\/\/gielen-recyclage.be\/wp-content\/uploads\/2023\/07\/Iconen-afval_Snoei.png 500w, https:\/\/gielen-recyclage.be\/wp-content\/uploads\/2023\/07\/Iconen-afval_Snoei-300x300.png 300w, https:\/\/gielen-recyclage.be\/wp-content\/uploads\/2023\/07\/Iconen-afval_Snoei-150x150.png 150w\" sizes=\"auto, (max-width: 500px) 100vw, 500px\" \/><\/div><h5 class=\"w-post-elm post_title usg_post_title_1 entry-title color_link_inherit\">D\u00e9chets vert<\/h5><div class=\"w-post-elm post_custom_field usg_post_custom_field_2 type_text korte_inhoud color_link_inherit\"><span class=\"w-post-elm-value\">Si vous ne savez pas quoi faire de vos d\u00e9chets de taille et d\u2019\u00e9lagage, Containerservice Gielen est ravi de vous offrir une solution cl\u00e9 en main \u00e9conomique.  <\/span><\/div><\/div>\t\t<\/div>\r\n\t\t\t<\/article>\r\n<\/div>\t<div class=\"w-grid-preloader\">\r\n\t\t<div class=\"g-preloader type_1\">\r\n\t\t\t<div><\/div>\r\n\t\t<\/div>\r\n\t<\/div>\r\n\t\t<div class=\"w-grid-json hidden\" onclick='return {&quot;action&quot;:&quot;us_ajax_grid&quot;,&quot;infinite_scroll&quot;:0,&quot;max_num_pages&quot;:1,&quot;pagination&quot;:&quot;none&quot;,&quot;template_vars&quot;:{&quot;columns&quot;:&quot;4&quot;,&quot;exclude_items&quot;:&quot;none&quot;,&quot;img_size&quot;:&quot;default&quot;,&quot;ignore_items_size&quot;:0,&quot;items_layout&quot;:&quot;467&quot;,&quot;items_offset&quot;:&quot;1&quot;,&quot;load_animation&quot;:&quot;none&quot;,&quot;overriding_link&quot;:&quot;%7B%22type%22%3A%22post%22%7D&quot;,&quot;post_id&quot;:0,&quot;query_args&quot;:{&quot;post_type&quot;:[&quot;page&quot;],&quot;tax_query&quot;:[{&quot;taxonomy&quot;:&quot;sector&quot;,&quot;field&quot;:&quot;slug&quot;,&quot;terms&quot;:[&quot;onderwijs&quot;]}],&quot;post_status&quot;:[&quot;publish&quot;,&quot;acf-disabled&quot;],&quot;posts_per_page&quot;:999},&quot;orderby_query_args&quot;:{&quot;orderby&quot;:{&quot;date&quot;:&quot;DESC&quot;}},&quot;type&quot;:&quot;grid&quot;,&quot;us_grid_post_type&quot;:&quot;page&quot;,&quot;us_grid_ajax_index&quot;:1,&quot;us_grid_filter_query_string&quot;:null,&quot;us_grid_index&quot;:1,&quot;page_args&quot;:[],&quot;lang&quot;:&quot;fr&quot;}}'><\/div>\r\n\t<\/div><div class=\"w-separator size_medium\"><\/div><div class=\"w-btn-wrapper align_none\"><a class=\"w-btn us-btn-style_1 icon_atright\" href=\"https:\/\/gielen-recyclage.be\/soorten-afval\/\"><span class=\"w-btn-label\">D\u00e9couvrez nos autres flux de d\u00e9chets<\/span><i class=\"fas fa-long-arrow-right\"><\/i><\/a><\/div><\/div><\/div><\/div><\/div><\/div><\/section><section class=\"l-section wpb_row height_large\"><div class=\"l-section-h i-cf\"><div class=\"g-cols vc_row via_flex valign_middle type_boxes stacking_default\"><div class=\"vc_col-sm-8 wpb_column vc_column_container has_bg_color\"><div class=\"vc_column-inner us_custom_5fb9c346\"><div class=\"wpb_wrapper\"><div class=\"wpb_text_column us_custom_02d42652 has_text_color\"><div class=\"wpb_wrapper\"><h3>VOUS SOUHAITEZ EN SAVOIR PLUS SUR NOS SOLUTIONS COMPL\u00c8TES ET SUR MESURE POUR VOS D\u00c9CHETS ?<\/h3>\n<\/div><\/div><\/div><\/div><\/div><div class=\"vc_col-sm-4 wpb_column vc_column_container has_bg_color\"><div class=\"vc_column-inner us_custom_5fb9c346\"><div class=\"wpb_wrapper\"><div class=\"w-btn-wrapper align_center\"><a class=\"w-btn us-btn-style_3 icon_atright\" title=\"Contact\" href=\"https:\/\/gielen-recyclage.be\/fr\/brochures\/\"><span class=\"w-btn-label\">Je souhaite voir la brochure<\/span><i class=\"far fa-long-arrow-right\"><\/i><\/a><\/div><\/div><\/div><\/div><\/div><\/div><\/section><section class=\"l-section wpb_row height_auto\"><div class=\"l-section-h i-cf\"><div class=\"g-cols vc_row via_flex valign_top type_default reversed stacking_default\" style=\"--additional-gap:15px;\"><div class=\"vc_col-sm-5 wpb_column vc_column_container\"><div class=\"vc_column-inner\"><div class=\"wpb_wrapper\"><div class=\"wpb_text_column\"><div class=\"wpb_wrapper\"><h2>UNE <strong>SOLUTION<\/strong> DE GESTION DES<br \/>\nD\u00c9CHETS SUR MESURE<\/h2>\n<p>Votre \u00e9tablissement d\u2019enseignement a probablement d\u00e9j\u00e0 pris de nombreuses initiatives pour r\u00e9duire les d\u00e9chets, qu\u2019il s\u2019agisse de tester divers produits jetables, de cuisiner avec des restes ou d\u2019introduire des canettes de boisson et des r\u00e9cipients de stockage r\u00e9utilisables.<\/p>\n<p>Mais vous avez peut-\u00eatre l\u2019impression que votre politique en mati\u00e8re de d\u00e9chets pourrait \u00eatre plus efficace et plus durable. Faites appel \u00e0 nous\u202f: nous vous proposerons une solution cl\u00e9 en main \u00e0 long terme adapt\u00e9e \u00e0 l\u2019infrastructure de votre \u00e9cole.<\/p>\n<\/div><\/div><div class=\"w-separator size_medium\"><\/div><div class=\"w-btn-wrapper align_none\"><a class=\"w-btn us-btn-style_1 icon_atright\" title=\"Offerteaanvraag\" href=\"https:\/\/gielen-recyclage.be\/fr\/contact\/\"><span class=\"w-btn-label\">J\u2019ai une question<\/span><i class=\"far fa-long-arrow-right\"><\/i><\/a><\/div><\/div><\/div><\/div><div class=\"vc_col-sm-1 wpb_column vc_column_container\"><div class=\"vc_column-inner\"><div class=\"wpb_wrapper\"><\/div><\/div><\/div><div class=\"vc_col-sm-6 wpb_column vc_column_container m300 has_bg_color\"><div class=\"vc_column-inner us_custom_72b51eb7\"><div class=\"wpb_wrapper\"><\/div><\/div><\/div><\/div><\/div><\/section><section class=\"l-section wpb_row height_large\"><div class=\"l-section-h i-cf\"><div class=\"g-cols vc_row via_flex valign_top type_default stacking_default\" style=\"--additional-gap:15px;\"><div class=\"vc_col-sm-3 wpb_column vc_column_container m300 has_bg_color\"><div class=\"vc_column-inner us_custom_a098f330\"><div class=\"wpb_wrapper\"><\/div><\/div><\/div><div class=\"vc_col-sm-3 vc_hidden-xs wpb_column vc_column_container has_bg_color\"><div class=\"vc_column-inner us_custom_e909cca5\"><div class=\"wpb_wrapper\"><\/div><\/div><\/div><div class=\"vc_col-sm-1 wpb_column vc_column_container\"><div class=\"vc_column-inner\"><div class=\"wpb_wrapper\"><\/div><\/div><\/div><div class=\"vc_col-sm-5 wpb_column vc_column_container\"><div class=\"vc_column-inner\"><div class=\"wpb_wrapper\"><div class=\"wpb_text_column\"><div class=\"wpb_wrapper\"><h2><strong>GESTION DURABLE DES D\u00c9CHETS<\/strong> DANS LE SECTEUR DE L\u2019\u00c9DUCATION<\/h2>\n<p>Une gestion durable des d\u00e9chets dans l\u2019\u00e9ducation commence par un tri correct des d\u00e9chets \u00e0 l\u2019\u00e9cole. Containerservice Gielen permet de r\u00e9pondre \u00e0 ce premier crit\u00e8re en proposant des conteneurs de qualit\u00e9, conviviaux et adapt\u00e9s \u00e0 vos flux de d\u00e9chets et \u00e0 vos infrastructures.<\/p>\n<p>En cons\u00e9quence, votre personnel, vos \u00e9l\u00e8ves et leurs parents seront tous heureux de contribuer \u00e0 l\u2019avenir de ces jeunes et des g\u00e9n\u00e9rations futures.<\/p>\n<\/div><\/div><div class=\"w-separator size_medium\"><\/div><div class=\"w-btn-wrapper align_none\"><a class=\"w-btn us-btn-style_1 icon_atright\" title=\"Offerteaanvraag\" href=\"https:\/\/gielen-recyclage.be\/fr\/demande-de-devis\/\"><span class=\"w-btn-label\">Envoyez-moi un devis sur mesure<\/span><i class=\"far fa-long-arrow-right\"><\/i><\/a><\/div><\/div><\/div><\/div><\/div><\/div><\/section>\n","protected":false},"excerpt":{"rendered":"RECYCLER LES D\u00c9CHETS D\u2019\u00c9LAGAGE AVEC CONTAINERSERVICE GIELEN Si vous faites appel \u00e0 Containerservice Gielen pour \u00e9liminer vos d\u00e9chets d\u2019\u00e9lagage, vous d\u00e9cidez vous-m\u00eame de l\u2019approche. Vous pouvez apporter vos d\u00e9chets de taille \u00e0 notre centre de tri ou les faire r\u00e9cup\u00e9rer par nos soins. Il est pratique de les collecter dans un conteneur \u00e0 d\u00e9chets verts,...","protected":false},"author":1,"featured_media":1481,"parent":2080,"menu_order":6,"comment_status":"closed","ping_status":"closed","template":"","meta":{"footnotes":""},"pagina-categorie":[150],"sector":[],"type-container-per-afvalsoort":[],"class_list":["post-2087","page","type-page","status-publish","has-post-thumbnail","hentry","pagina-categorie-sectoren-fr"],"acf":[],"yoast_head":"<!-- This site is optimized with the Yoast SEO plugin v26.2 - https:\/\/yoast.com\/wordpress\/plugins\/seo\/ -->\n<title>\u00c9ducation - Containerservice Gielen<\/title>\n<meta name=\"description\" content=\"Containerservice Gielen fournit des solutions de gestion des d\u00e9chets pour le secteur de l\u2019\u00e9ducation, o\u00f9 il est absolument essentiel que la politique de gestion des d\u00e9chets soit durable. En effet, quand on apprend jeune, on pratique toute la vie\u202f!\" \/>\n<meta name=\"robots\" content=\"index, follow, max-snippet:-1, max-image-preview:large, max-video-preview:-1\" \/>\n<link rel=\"canonical\" href=\"https:\/\/gielen-recyclage.be\/fr\/solutions-pour-les-dechets\/education\/\" \/>\n<meta property=\"og:locale\" content=\"fr_FR\" \/>\n<meta property=\"og:type\" content=\"article\" \/>\n<meta property=\"og:title\" content=\"\u00c9ducation - Containerservice Gielen\" \/>\n<meta property=\"og:description\" content=\"Containerservice Gielen fournit des solutions de gestion des d\u00e9chets pour le secteur de l\u2019\u00e9ducation, o\u00f9 il est absolument essentiel que la politique de gestion des d\u00e9chets soit durable. En effet, quand on apprend jeune, on pratique toute la vie\u202f!\" \/>\n<meta property=\"og:url\" content=\"https:\/\/gielen-recyclage.be\/fr\/solutions-pour-les-dechets\/education\/\" \/>\n<meta property=\"og:site_name\" content=\"Containerservice Gielen\" \/>\n<meta property=\"article:modified_time\" content=\"2025-10-22T11:15:28+00:00\" \/>\n<meta property=\"og:image\" content=\"https:\/\/gielen-recyclage.be\/wp-content\/uploads\/2023\/07\/onderwijs.jpg\" \/>\n\t<meta property=\"og:image:width\" content=\"1200\" \/>\n\t<meta property=\"og:image:height\" content=\"800\" \/>\n\t<meta property=\"og:image:type\" content=\"image\/jpeg\" \/>\n<meta name=\"twitter:card\" content=\"summary_large_image\" \/>\n<meta name=\"twitter:label1\" content=\"Dur\u00e9e de lecture est.\" \/>\n\t<meta name=\"twitter:data1\" content=\"4 minutes\" \/>\n<script type=\"application\/ld+json\" class=\"yoast-schema-graph\">{\"@context\":\"https:\/\/schema.org\",\"@graph\":[{\"@type\":\"WebPage\",\"@id\":\"https:\/\/gielen-recyclage.be\/fr\/solutions-pour-les-dechets\/education\/\",\"url\":\"https:\/\/gielen-recyclage.be\/fr\/solutions-pour-les-dechets\/education\/\",\"name\":\"\u00c9ducation - Containerservice Gielen\",\"isPartOf\":{\"@id\":\"https:\/\/gielen-recyclage.be\/#website\"},\"primaryImageOfPage\":{\"@id\":\"https:\/\/gielen-recyclage.be\/fr\/solutions-pour-les-dechets\/education\/#primaryimage\"},\"image\":{\"@id\":\"https:\/\/gielen-recyclage.be\/fr\/solutions-pour-les-dechets\/education\/#primaryimage\"},\"thumbnailUrl\":\"https:\/\/gielen-recyclage.be\/wp-content\/uploads\/2023\/07\/onderwijs.jpg\",\"datePublished\":\"2023-07-11T11:39:19+00:00\",\"dateModified\":\"2025-10-22T11:15:28+00:00\",\"description\":\"Containerservice Gielen fournit des solutions de gestion des d\u00e9chets pour le secteur de l\u2019\u00e9ducation, o\u00f9 il est absolument essentiel que la politique de gestion des d\u00e9chets soit durable. En effet, quand on apprend jeune, on pratique toute la vie\u202f!\",\"breadcrumb\":{\"@id\":\"https:\/\/gielen-recyclage.be\/fr\/solutions-pour-les-dechets\/education\/#breadcrumb\"},\"inLanguage\":\"fr-BE\",\"potentialAction\":[{\"@type\":\"ReadAction\",\"target\":[\"https:\/\/gielen-recyclage.be\/fr\/solutions-pour-les-dechets\/education\/\"]}]},{\"@type\":\"ImageObject\",\"inLanguage\":\"fr-BE\",\"@id\":\"https:\/\/gielen-recyclage.be\/fr\/solutions-pour-les-dechets\/education\/#primaryimage\",\"url\":\"https:\/\/gielen-recyclage.be\/wp-content\/uploads\/2023\/07\/onderwijs.jpg\",\"contentUrl\":\"https:\/\/gielen-recyclage.be\/wp-content\/uploads\/2023\/07\/onderwijs.jpg\",\"width\":1200,\"height\":800,\"caption\":\"Afvalverwerking Onderwijs\"},{\"@type\":\"BreadcrumbList\",\"@id\":\"https:\/\/gielen-recyclage.be\/fr\/solutions-pour-les-dechets\/education\/#breadcrumb\",\"itemListElement\":[{\"@type\":\"ListItem\",\"position\":1,\"name\":\"Home\",\"item\":\"https:\/\/gielen-recyclage.be\/fr\/\"},{\"@type\":\"ListItem\",\"position\":2,\"name\":\"Solutions d\u00e9chets par secteur\",\"item\":\"https:\/\/gielen-recyclage.be\/fr\/solutions-pour-les-dechets\/\"},{\"@type\":\"ListItem\",\"position\":3,\"name\":\"\u00c9ducation\"}]},{\"@type\":\"WebSite\",\"@id\":\"https:\/\/gielen-recyclage.be\/#website\",\"url\":\"https:\/\/gielen-recyclage.be\/\",\"name\":\"Containerservice Gielen\",\"description\":\"\",\"potentialAction\":[{\"@type\":\"SearchAction\",\"target\":{\"@type\":\"EntryPoint\",\"urlTemplate\":\"https:\/\/gielen-recyclage.be\/?s={search_term_string}\"},\"query-input\":{\"@type\":\"PropertyValueSpecification\",\"valueRequired\":true,\"valueName\":\"search_term_string\"}}],\"inLanguage\":\"fr-BE\"}]}<\/script>\n<!-- \/ Yoast SEO plugin. -->","yoast_head_json":{"title":"\u00c9ducation - Containerservice Gielen","description":"Containerservice Gielen fournit des solutions de gestion des d\u00e9chets pour le secteur de l\u2019\u00e9ducation, o\u00f9 il est absolument essentiel que la politique de gestion des d\u00e9chets soit durable. En effet, quand on apprend jeune, on pratique toute la vie\u202f!","robots":{"index":"index","follow":"follow","max-snippet":"max-snippet:-1","max-image-preview":"max-image-preview:large","max-video-preview":"max-video-preview:-1"},"canonical":"https:\/\/gielen-recyclage.be\/fr\/solutions-pour-les-dechets\/education\/","og_locale":"fr_FR","og_type":"article","og_title":"\u00c9ducation - Containerservice Gielen","og_description":"Containerservice Gielen fournit des solutions de gestion des d\u00e9chets pour le secteur de l\u2019\u00e9ducation, o\u00f9 il est absolument essentiel que la politique de gestion des d\u00e9chets soit durable. En effet, quand on apprend jeune, on pratique toute la vie\u202f!","og_url":"https:\/\/gielen-recyclage.be\/fr\/solutions-pour-les-dechets\/education\/","og_site_name":"Containerservice Gielen","article_modified_time":"2025-10-22T11:15:28+00:00","og_image":[{"width":1200,"height":800,"url":"https:\/\/gielen-recyclage.be\/wp-content\/uploads\/2023\/07\/onderwijs.jpg","type":"image\/jpeg"}],"twitter_card":"summary_large_image","twitter_misc":{"Dur\u00e9e de lecture est.":"4 minutes"},"schema":{"@context":"https:\/\/schema.org","@graph":[{"@type":"WebPage","@id":"https:\/\/gielen-recyclage.be\/fr\/solutions-pour-les-dechets\/education\/","url":"https:\/\/gielen-recyclage.be\/fr\/solutions-pour-les-dechets\/education\/","name":"\u00c9ducation - Containerservice Gielen","isPartOf":{"@id":"https:\/\/gielen-recyclage.be\/#website"},"primaryImageOfPage":{"@id":"https:\/\/gielen-recyclage.be\/fr\/solutions-pour-les-dechets\/education\/#primaryimage"},"image":{"@id":"https:\/\/gielen-recyclage.be\/fr\/solutions-pour-les-dechets\/education\/#primaryimage"},"thumbnailUrl":"https:\/\/gielen-recyclage.be\/wp-content\/uploads\/2023\/07\/onderwijs.jpg","datePublished":"2023-07-11T11:39:19+00:00","dateModified":"2025-10-22T11:15:28+00:00","description":"Containerservice Gielen fournit des solutions de gestion des d\u00e9chets pour le secteur de l\u2019\u00e9ducation, o\u00f9 il est absolument essentiel que la politique de gestion des d\u00e9chets soit durable. En effet, quand on apprend jeune, on pratique toute la vie\u202f!","breadcrumb":{"@id":"https:\/\/gielen-recyclage.be\/fr\/solutions-pour-les-dechets\/education\/#breadcrumb"},"inLanguage":"fr-BE","potentialAction":[{"@type":"ReadAction","target":["https:\/\/gielen-recyclage.be\/fr\/solutions-pour-les-dechets\/education\/"]}]},{"@type":"ImageObject","inLanguage":"fr-BE","@id":"https:\/\/gielen-recyclage.be\/fr\/solutions-pour-les-dechets\/education\/#primaryimage","url":"https:\/\/gielen-recyclage.be\/wp-content\/uploads\/2023\/07\/onderwijs.jpg","contentUrl":"https:\/\/gielen-recyclage.be\/wp-content\/uploads\/2023\/07\/onderwijs.jpg","width":1200,"height":800,"caption":"Afvalverwerking Onderwijs"},{"@type":"BreadcrumbList","@id":"https:\/\/gielen-recyclage.be\/fr\/solutions-pour-les-dechets\/education\/#breadcrumb","itemListElement":[{"@type":"ListItem","position":1,"name":"Home","item":"https:\/\/gielen-recyclage.be\/fr\/"},{"@type":"ListItem","position":2,"name":"Solutions d\u00e9chets par secteur","item":"https:\/\/gielen-recyclage.be\/fr\/solutions-pour-les-dechets\/"},{"@type":"ListItem","position":3,"name":"\u00c9ducation"}]},{"@type":"WebSite","@id":"https:\/\/gielen-recyclage.be\/#website","url":"https:\/\/gielen-recyclage.be\/","name":"Containerservice Gielen","description":"","potentialAction":[{"@type":"SearchAction","target":{"@type":"EntryPoint","urlTemplate":"https:\/\/gielen-recyclage.be\/?s={search_term_string}"},"query-input":{"@type":"PropertyValueSpecification","valueRequired":true,"valueName":"search_term_string"}}],"inLanguage":"fr-BE"}]}},"_links":{"self":[{"href":"https:\/\/gielen-recyclage.be\/fr\/wp-json\/wp\/v2\/pages\/2087","targetHints":{"allow":["GET"]}}],"collection":[{"href":"https:\/\/gielen-recyclage.be\/fr\/wp-json\/wp\/v2\/pages"}],"about":[{"href":"https:\/\/gielen-recyclage.be\/fr\/wp-json\/wp\/v2\/types\/page"}],"author":[{"embeddable":true,"href":"https:\/\/gielen-recyclage.be\/fr\/wp-json\/wp\/v2\/users\/1"}],"replies":[{"embeddable":true,"href":"https:\/\/gielen-recyclage.be\/fr\/wp-json\/wp\/v2\/comments?post=2087"}],"version-history":[{"count":6,"href":"https:\/\/gielen-recyclage.be\/fr\/wp-json\/wp\/v2\/pages\/2087\/revisions"}],"predecessor-version":[{"id":3111,"href":"https:\/\/gielen-recyclage.be\/fr\/wp-json\/wp\/v2\/pages\/2087\/revisions\/3111"}],"up":[{"embeddable":true,"href":"https:\/\/gielen-recyclage.be\/fr\/wp-json\/wp\/v2\/pages\/2080"}],"wp:featuredmedia":[{"embeddable":true,"href":"https:\/\/gielen-recyclage.be\/fr\/wp-json\/wp\/v2\/media\/1481"}],"wp:attachment":[{"href":"https:\/\/gielen-recyclage.be\/fr\/wp-json\/wp\/v2\/media?parent=2087"}],"wp:term":[{"taxonomy":"pagina-categorie","embeddable":true,"href":"https:\/\/gielen-recyclage.be\/fr\/wp-json\/wp\/v2\/pagina-categorie?post=2087"},{"taxonomy":"sector","embeddable":true,"href":"https:\/\/gielen-recyclage.be\/fr\/wp-json\/wp\/v2\/sector?post=2087"},{"taxonomy":"type-container-per-afvalsoort","embeddable":true,"href":"https:\/\/gielen-recyclage.be\/fr\/wp-json\/wp\/v2\/type-container-per-afvalsoort?post=2087"}],"curies":[{"name":"wp","href":"https:\/\/api.w.org\/{rel}","templated":true}]}}